{"id":61610,"date":"2026-08-31T08:19:42","date_gmt":"2026-08-31T06:19:42","guid":{"rendered":"https:\/\/czk-cakovec.hr\/hr\/?post_type=tribe_events&#038;p=61610"},"modified":"2026-08-31T08:23:02","modified_gmt":"2026-08-31T06:23:02","slug":"pod-ruku-s-popevkom-eto-etno-festival","status":"publish","type":"tribe_events","link":"https:\/\/czk-cakovec.hr\/hr\/event\/pod-ruku-s-popevkom-eto-etno-festival\/","title":{"rendered":"POD RUKU S POPEVKOM | ETO, ETNO! festival"},"content":{"rendered":"<p>srijeda, 23. rujna 2026. u 20.00 sati<\/p>\n<p><strong><em>POD RUKU S POPEVKOM<\/em><\/strong><\/p>\n<p>Prvu ve\u010der posvetili smo lokalnoj ba\u0161tini i tradicijskoj glazbi, pa \u0107emo u programu pod nazivom <em>Pod ruku s popevkom<\/em> pro\u0161etati vremenskom crtom me\u0111imurske popevke, dijela na\u0161e glazbene tradicije, uvr\u0161tene na UNESCO-ov Reprezentativni popis nematerijalne kulturne ba\u0161tine \u010dovje\u010danstva.<\/p>\n<p>Program ve\u010deri zami\u0161ljen je kao svojevrsni prikaz razvoja same popevke, od najstarijih <em>a capella<\/em> izvedbi do modernih interpretacija i obrada tradicionalnih napjeva. U suradnji s voditeljicom Etnolo\u0161kog odjela Muzeja Me\u0111imurja Janjom Kova\u010d osmislili smo program koji \u0107e obuhvatiti nekoliko poglavlja: <em>a capella<\/em> izvedbe, cimbale i citre, bandiste i Florijana Andra\u0161eca, folklor i Jelu Pav\u010dec, klasi\u010dnu glazbu i Josipa \u0160tolcera Slavenskog te popevku u 21. stolje\u0107u.<\/p>\n<p>Voditelji ve\u010deri me\u0111imurske popevke, na kajkavskom dijalektu, bit \u0107e glumci Kazali\u0161ne dru\u017eine <em>Pinklec<\/em> i Dramskog studija <em>Dada<\/em> Eni Vibovi\u0107 i Neven Mato\u0161a.<\/p>\n<p>Nastupit \u0107e:<\/p>\n<p>Tena Pani\u0107, vokalna solistica<\/p>\n<p>KUD Kotoriba, folklor<\/p>\n<p>Neven Kolari\u0107, cimbule (Martina Kureti\u0107 Sedlar, Katarina Milly i Dalija Bedi\u0107)<\/p>\n<p>Dra\u017een Balog, cimbule<\/p>\n<p>Limena glazba Dekanovec<\/p>\n<p>KUD Donja Dubrava, tambura\u0161i i vokalna skupina<\/p>\n<p>Pjeva\u010dki zbor <em>Josip \u0160tolcer Slavenski\u00a0<\/em><\/p>\n<p>Dominik Padari\u0107, tenor<\/p>\n<p>Nikolina Virgej Pintar &amp; <em>Vulen\u010dek<\/em>, sopran<\/p>\n<p>&nbsp;<\/p>\n<p>&nbsp;<\/p>\n<p><strong><em>o festivalu:<\/em><\/strong><\/p>\n<p><strong><em>ETO, ETNO!<\/em><\/strong><\/p>\n<p>etno festival<\/p>\n<ol start=\"23\">\n<li>\u2013 24. rujna 2026.<\/li>\n<\/ol>\n<p>uz Me\u0111unarodni dan kulturne ba\u0161tine<\/p>\n<p>&nbsp;<\/p>\n<p>Ove jeseni otvaramo vrata novom zvuku \u2013 festivalu etno glazbe <em>Eto, etno!<\/em><\/p>\n<p>&nbsp;<\/p>\n<p>Neke stvari zaslu\u017euju da ih \u010dujemo, ne samo da ih pamtimo. Ba\u0161tina nije ne\u0161to \u0161to stoji zaklju\u010dano u vitrini \u2013 ona di\u0161e, pjeva, mijenja se s nama, a mi smo je odlu\u010dili pustiti da progovori kroz glazbu.<\/p>\n<p>&nbsp;<\/p>\n<p>Festival smo povezali s 23. rujna, Me\u0111unarodnim danom kulturne ba\u0161tine, koji se ove godine poklapa i s Danima europske ba\u0161tine. U dvije ve\u010deri, srijedu, 23. i \u010detvrtak, 24. rujna \u2013 posvetit \u0107emo se onome \u0161to nas \u010dini onime \u0161to jesmo: izvornim zvukovima koji su pre\u017eivjeli generacije, i suvremenim glazbenicima koji im daju novi dah.<\/p>\n<p>&nbsp;<\/p>\n<p><em>Eto, etno! <\/em>nije samo naziv \u2013 to je poziv, poziv da se vratimo korijenima, ali u\u0161iju otvorenih za sve \u0161to dolazi poslije njih.<\/p>\n","protected":false},"excerpt":{"rendered":"<p>srijeda, 23. rujna 2026. u 20.00 sati POD RUKU S POPEVKOM Prvu ve\u010der posvetili smo lokalnoj ba\u0161tini i tradicijskoj glazbi, pa \u0107emo u programu pod nazivom Pod ruku s popevkom&hellip;<\/p>\n","protected":false},"author":1,"featured_media":61611,"template":"","meta":{"_EventStartDate":"2026-09-23 20:00:00","_EventURL":""},"tags":[],"tribe_events_cat":[362,373],"class_list":["post-61610","tribe_events","type-tribe_events","status-publish","has-post-thumbnail","hentry","tribe_events_cat-amatersko-kulturno-stvaralastvo","tribe_events_cat-glazba","cat_amatersko-kulturno-stvaralastvo","cat_glazba"],"_links":{"self":[{"href":"https:\/\/czk-cakovec.hr\/hr\/wp-json\/wp\/v2\/tribe_events\/61610","targetHints":{"allow":["GET"]}}],"collection":[{"href":"https:\/\/czk-cakovec.hr\/hr\/wp-json\/wp\/v2\/tribe_events"}],"about":[{"href":"https:\/\/czk-cakovec.hr\/hr\/wp-json\/wp\/v2\/types\/tribe_events"}],"author":[{"embeddable":true,"href":"https:\/\/czk-cakovec.hr\/hr\/wp-json\/wp\/v2\/users\/1"}],"version-history":[{"count":4,"href":"https:\/\/czk-cakovec.hr\/hr\/wp-json\/wp\/v2\/tribe_events\/61610\/revisions"}],"predecessor-version":[{"id":61616,"href":"https:\/\/czk-cakovec.hr\/hr\/wp-json\/wp\/v2\/tribe_events\/61610\/revisions\/61616"}],"wp:featuredmedia":[{"embeddable":true,"href":"https:\/\/czk-cakovec.hr\/hr\/wp-json\/wp\/v2\/media\/61611"}],"wp:attachment":[{"href":"https:\/\/czk-cakovec.hr\/hr\/wp-json\/wp\/v2\/media?parent=61610"}],"wp:term":[{"taxonomy":"post_tag","embeddable":true,"href":"https:\/\/czk-cakovec.hr\/hr\/wp-json\/wp\/v2\/tags?post=61610"},{"taxonomy":"tribe_events_cat","embeddable":true,"href":"https:\/\/czk-cakovec.hr\/hr\/wp-json\/wp\/v2\/tribe_events_cat?post=61610"}],"curies":[{"name":"wp","href":"https:\/\/api.w.org\/{rel}","templated":true}]}}