{"id":45670,"date":"2024-10-29T14:23:20","date_gmt":"2024-10-29T13:23:20","guid":{"rendered":"https:\/\/czk-cakovec.hr\/?post_type=class&#038;p=45670"},"modified":"2024-12-03T09:03:40","modified_gmt":"2024-12-03T08:03:40","slug":"izlozba-30-godina-uam-a","status":"publish","type":"class","link":"https:\/\/czk-cakovec.hr\/saturn\/class\/izlozba-30-godina-uam-a\/","title":{"rendered":"Izlo\u017eba 30 godina UAM-a"},"content":{"rendered":"\n<p><strong>NAJAVA IZLO\u017dBE<\/strong><\/p>\n\n\n\n<p>otvorenje izlo\u017ebe \/ petak 8. studeni 2024. \/ 18.00 sati<\/p>\n\n\n\n<p><strong>Najava doga\u0111aja UAM 30\/15<\/strong><\/p>\n\n\n\n<p>Udru\u017eenje arhitekata Me\u0111imurja (UAM) osnovano je 1994. godine te kontinuirano djeluje i danas. Trenutno broji 47 \u010dlanova arhitekata, krajobraznih arhitekata i urbanista od kojih je skoro polovica izvornog \u010dlanstva iz &#8217;94., s mla\u0111im poja\u010danjem. UAM je usmjeren na stru\u010dno aktivno djelovanje u cilju afirmacije i razvoja urbanih i ruralnih prostornih cjelina kroz provedbu projekata, suradnju s lokalnom i regionalnom samoupravom te provedbom arhitektonskih natje\u010daja.<\/p>\n\n\n\n<p>Ove godine organiziraju tradicionalnu 15. bijenalnu izlo\u017ebu, a ujedno i 30 godina od osnutka UAM-a te pripremaju doga\u0111anja kroz cijeli studeni. Otvorenjem u Centru za kulturu \u010cakovec u petak, 8. studenog, zauzeti \u0107e dva izlo\u017ebena prostora u centru Grada, Centar za kulturu \u010cakovec i zgradu Scheier, u kojima pripremaju pregled recentnih projekata i ostvarenja \u010dlanova UAM-a uz dodatak arhivskih fotografija i dokumenata u tridesetogodi\u0161njem razdoblju djelovanja Udru\u017eenja. Odr\u017eati \u0107e se niz stru\u010dnih predavanja i panela namjenjenih za \u0161iru javnost, na temu arhitektonskih natje\u010daja s \u010dlanovima Udru\u017eenja hrvatskih arhitekata i Hrvatske komore arhitekata, socijalne vi\u0161estambene izgradnje s gostima iz Maribora te urbanizma i va\u017enosti participacije i uklju\u010divanja javnosti s profesorima s Arhitektonskog fakulteta i \u010dlanovima drugih lokalnih udru\u017eenja. Pripremaju i zabavni dio programa, s arhipub kvizom, koncertom i DJ-evima. UAM-ovci pozivaju sve da im se pridru\u017ee u proslavi 30-og arhiro\u0111endana! Vi\u0161e o samom programu mo\u017eete saznati na web stranicama <a href=\"http:\/\/www.uam.hr\">www.uam.hr<\/a><\/p>\n\n\n\n<p>Trajanje izlo\u017ebe: 8. studeni \u2013 2. prosinac 2024.<\/p>\n\n\n\n<p><strong>PROGRAM<\/strong><\/p>\n\n\n\n<p>petak&nbsp;<strong>8. studeni 2024.<\/strong><\/p>\n\n\n\n<p><strong>18:00 OTVORENJE<\/strong>&nbsp;Izlo\u017eba 30 godina UAM-a \/ Centar za kulturu \u010cakovec i 15. bijenalna izlo\u017eba&nbsp;<em>Projekti i realizacije 2022.-2023.<\/em>&nbsp;\/ zgrada Scheier<\/p>\n\n\n\n<p>subota&nbsp;<strong>9. studeni 2024.<\/strong><\/p>\n\n\n\n<p><strong>18:00 ME\u0110IMURSKE DIPLOME I PROJEKTI IZ LADICE<\/strong>&nbsp;\/ zgrada Scheier<\/p>\n\n\n\n<p><strong>20:00 KONCERT Igor Perho\u010d i gosti<\/strong>&nbsp;\/ zgrada Scheier<\/p>\n\n\n\n<p>utorak&nbsp;<strong>12. studeni 2024.<\/strong><\/p>\n\n\n\n<p><strong>18:00 PREDAVANJE<\/strong>&nbsp;<em>Preure\u0111ivanje modernosti<\/em>&nbsp;\/ zgrada Scheier<\/p>\n\n\n\n<p><strong>Uro\u0161 Lobnik, univ.dipl.in\u017e.arh.<\/strong><\/p>\n\n\n\n<p>petak i subota&nbsp;<strong>15. i 16. studeni 2024.<\/strong><\/p>\n\n\n\n<p><em>Dani Orisa 2024.<\/em>&nbsp;\/ Zagreb<\/p>\n\n\n\n<p>petak&nbsp;<strong>22. studeni 2024.<\/strong><\/p>\n\n\n\n<p><strong>18:00 STRU\u010cNI PANEL<\/strong>&nbsp;<em>Participacija u planiranju prostora<\/em>&nbsp;\/ zgrada Scheier<\/p>\n\n\n\n<p><strong>prof.dr.sc. Krunoslav \u0160mit dipl.ing.arh., Kristina Perkov mag.ing.arch., Helena Ze\u010dar Lajtman prof. filozofije i sociologije<\/strong><\/p>\n\n\n\n<p>subota&nbsp;<strong>23. studeni 2024.<\/strong><\/p>\n\n\n\n<p><strong>18:00 STRU\u010cNI PANEL<\/strong>&nbsp;<em>Kvaliteta izgra\u0111enog prostora<\/em>&nbsp;\/ zgrada Scheier<\/p>\n\n\n\n<p><strong>prof.dr.sc. Mia Roth \u010cerina dipl.ing.arh., Roman \u0160ilje dipl.ing.arh., Ariana Korlaet dipl.ing.arh., mr.sc. Ana Kralj dipl.oec., Maja Kireta dipl.ing.arh.<\/strong><\/p>\n\n\n\n<p><strong>20:00 ARHIKVIZ<\/strong>&nbsp;\/ Gradska Kavana \u010cakovec<\/p>\n","protected":false},"excerpt":{"rendered":"<p>otvorenje izlo\u017ebe \/ petak 8. studeni 2024. \/ 18.00 sati<\/p>\n","protected":false},"featured_media":45672,"template":"","meta":{"inline_featured_image":false},"wcs-type":[13],"wcs-room":[15],"wcs-instructor":[],"class_list":["post-45670","class","type-class","status-publish","has-post-thumbnail","hentry","wcs-type-izlozbe","wcs-room-galerija-czk"],"ulaznica_data":null,"_links":{"self":[{"href":"https:\/\/czk-cakovec.hr\/saturn\/wp-json\/wp\/v2\/class\/45670","targetHints":{"allow":["GET"]}}],"collection":[{"href":"https:\/\/czk-cakovec.hr\/saturn\/wp-json\/wp\/v2\/class"}],"about":[{"href":"https:\/\/czk-cakovec.hr\/saturn\/wp-json\/wp\/v2\/types\/class"}],"wp:featuredmedia":[{"embeddable":true,"href":"https:\/\/czk-cakovec.hr\/saturn\/wp-json\/wp\/v2\/media\/45672"}],"wp:attachment":[{"href":"https:\/\/czk-cakovec.hr\/saturn\/wp-json\/wp\/v2\/media?parent=45670"}],"wp:term":[{"taxonomy":"wcs-type","embeddable":true,"href":"https:\/\/czk-cakovec.hr\/saturn\/wp-json\/wp\/v2\/wcs-type?post=45670"},{"taxonomy":"wcs-room","embeddable":true,"href":"https:\/\/czk-cakovec.hr\/saturn\/wp-json\/wp\/v2\/wcs-room?post=45670"},{"taxonomy":"wcs-instructor","embeddable":true,"href":"https:\/\/czk-cakovec.hr\/saturn\/wp-json\/wp\/v2\/wcs-instructor?post=45670"}],"curies":[{"name":"wp","href":"https:\/\/api.w.org\/{rel}","templated":true}]}}