{"id":45781,"date":"2024-11-04T14:38:11","date_gmt":"2024-11-04T13:38:11","guid":{"rendered":"https:\/\/czk-cakovec.hr\/?post_type=class&#038;p=45781"},"modified":"2024-11-26T07:58:31","modified_gmt":"2024-11-26T06:58:31","slug":"tribina-cakovec-cetvrtkom-vecer-medimurske-popevke","status":"publish","type":"class","link":"https:\/\/czk-cakovec.hr\/saturn\/class\/tribina-cakovec-cetvrtkom-vecer-medimurske-popevke\/","title":{"rendered":"Tribina \u010cakovec \u010detvrtkom \/ VE\u010cER ME\u0110IMURSKE POPEVKE"},"content":{"rendered":"\n<p>\u010detvrtak 28. studeni 2024. u 20.00 sati<\/p>\n\n\n\n<p>TRIBINA \u010cAKOVEC \u010cETVRTKOM<\/p>\n\n\n\n<p><strong>VE\u010cER ME\u0110IMURSKE POPEVKE <\/strong> <\/p>\n\n\n\n<p><strong>Dolaze nam Cinku\u0161i, Cecilija Merka\u010d Hudopisk i Patricija Jura\u010di\u0107<\/strong><\/p>\n\n\n\n<p>Na inicijativu Me\u0111imurske \u017eupanije i djelatnika u kulturnim ustanovama Grada \u010cakovca i Me\u0111imurske \u017eupanije, mjesec studeni \u0107e se od sada zvati Mjesecom me\u0111imurske popevke te \u0107e se obilje\u017eiti brojnim kulturnim, edukativnim i zabavnim sadr\u017eajima. Centar za kulturu \u010cakovec priprema koncert Ve\u010der me\u0111imurske popevke, 28. studenog u 20 sati, na kojem \u0107e zapjevati jedna od na\u0161ih najpoznatijih izvo\u0111a\u010dica izvorne popevke, Cecilija Merka\u010d Hudopisk, zatim jedna od izvo\u0111a\u010dica mla\u0111e generacije Patricija Jura\u010di\u0107, a nastupit \u0107e i etno bend Cinku\u0161i.<\/p>\n\n\n\n<p>Cecilija Merka\u010d je iz Doma\u0161inca, a pjeva ve\u0107 vi\u0161e od 40 godina. Na prvoj smotri u Nedeli\u0161\u0107u pojavila se 1981. godine i od tada bilje\u017ei 26 solo nastupa te nekoliko nastupa u duetu i uz vokalni sastav KUD-a Doma\u0161inec koji se, na\u017ealost, ugasio. No, Cecilija ne odustaje, rije\u0161ila se i napetosti i treme koju je na sceni imala u mladosti. Ponosna vlasnica izvorne me\u0111imurske no\u0161nje \u010diji su pojedini dijelovi stari oko 120 godina, govori o osje\u0107ajima koji je preplavljuju za vrijeme nastupa: \u201eSam kaj ne poletim, osje\u0107am se, kak su rekle stare \u017eene, kak gracija. Ja saku popevku osje\u0107am u svojemu srcu, pozabim na se toge i \u017ealosti. Mravce me idu od pete do glave dok vam to op\u0107e povedam. To je meni najlep\u0161i osje\u0107aj v \u017eivotu!\u201c<\/p>\n\n\n\n<p>Iako puno mla\u0111a, \u010dlanica KUD-a Belica Patricija Jura\u010di\u0107, mogla bi se slo\u017eiti sa Cecilijom. Me\u0111imursku popevku&nbsp; voli od djetinjstva, a o tome ka\u017ee: \u201eDrago mi je vidjeti i \u010duti da se vrijednosti kulture i tradicije na\u0161eg me\u0111imurskog kraja i dalje prenose kroz odr\u017eavanje Me\u0111imurske popevke i \u0161to je prepoznata kao sadr\u017eaj kroz koji se promi\u010de i promovira na\u0161a ba\u0161tina. \u010cast mi je nastupati u narodnoj no\u0161nji, pjevati me\u0111imursku pjesmu i dijeliti pozornicu s mojim tambura\u0161ima.\u201c<\/p>\n\n\n\n<p>Cinku\u0161i su u \u010cakovcu \u010desti i dragi gosti. Njihovo stvarala\u0161tvo, uvelike je vezano i uz me\u0111imursku popevku. \u201eCinku\u0161i su davno upoznati sa glazbenom ba\u0161tinom Me\u0111imurja izme\u0111u ostaloga zahvaljuju\u0107i i na\u0161em dragom \u010dlanu dru\u017eine, violinistu Igoru Bari\u0107u koji je podrijetlom iz Me\u0111imurja. Gledaju\u0107i iz dana\u0161njeg vremena mo\u017ee se re\u0107i da je dobar opus dru\u017eine od skoro 30 godina pro\u017eet upravo tradicijskom glazbom toga kraja Hrvatske. Stoga ne \u010dudi da smo, zaljubljeni u te prekrasne melodije i stihove,&nbsp; upoznali i ostvarili divne suradnje sa umjetnicom Lidijom Bajuk kao i sa omiljenom Tetom Lizom. Obje su, svaka na svoj na\u010din uvelike pridonijele promicanju me\u0111imurske popevke.&nbsp; Zanimljivo je da je prvi CD Tete Lize &#8220;Moje Me\u0111imurje&#8221; koji je izdala upravo sa Cinku\u0161ima, sniman netom prije prvog samostalnog CD-a Cinku\u0161a &#8220;Zeleni kader&#8221; u istom studiju u Me\u0111imurju kamo je dru\u017eina putovala u nekoliko navrata.\u201c, ka\u017ee Nata\u0161a Radu\u0161i\u0107, \u010dlanica Cinku\u0161a.<\/p>\n\n\n\n<p>Ulaz je besplatan. Besplatne ulaznice se podi\u017eu na blagajni Centra za kulturu od 6. studenoga 2024.<\/p>\n\n\n\n<p><\/p>\n\n\n\n<p><\/p>\n","protected":false},"excerpt":{"rendered":"<p>\u010detvrtak 28. studeni 2024. u 20.00 sati TRIBINA \u010cAKOVEC \u010cETVRTKOM VE\u010cER ME\u0110IMURSKE POPEVKE Dolaze nam Cinku\u0161i, Cecilija Merka\u010d Hudopisk i Patricija Jura\u010di\u0107 Na inicijativu Me\u0111imurske \u017eupanije i djelatnika u kulturnim ustanovama Grada \u010cakovca i Me\u0111imurske \u017eupanije, mjesec studeni \u0107e se od sada zvati Mjesecom me\u0111imurske popevke te \u0107e se obilje\u017eiti brojnim kulturnim, edukativnim i zabavnim sadr\u017eajima. Centar za kulturu \u010cakovec [&hellip;]<\/p>\n","protected":false},"featured_media":45782,"template":"","meta":{"inline_featured_image":false},"wcs-type":[25,23],"wcs-room":[10],"wcs-instructor":[],"class_list":["post-45781","class","type-class","status-publish","has-post-thumbnail","hentry","wcs-type-koncert","wcs-type-tribina-cc","wcs-room-dvorana-czk"],"ulaznica_data":null,"_links":{"self":[{"href":"https:\/\/czk-cakovec.hr\/saturn\/wp-json\/wp\/v2\/class\/45781","targetHints":{"allow":["GET"]}}],"collection":[{"href":"https:\/\/czk-cakovec.hr\/saturn\/wp-json\/wp\/v2\/class"}],"about":[{"href":"https:\/\/czk-cakovec.hr\/saturn\/wp-json\/wp\/v2\/types\/class"}],"wp:featuredmedia":[{"embeddable":true,"href":"https:\/\/czk-cakovec.hr\/saturn\/wp-json\/wp\/v2\/media\/45782"}],"wp:attachment":[{"href":"https:\/\/czk-cakovec.hr\/saturn\/wp-json\/wp\/v2\/media?parent=45781"}],"wp:term":[{"taxonomy":"wcs-type","embeddable":true,"href":"https:\/\/czk-cakovec.hr\/saturn\/wp-json\/wp\/v2\/wcs-type?post=45781"},{"taxonomy":"wcs-room","embeddable":true,"href":"https:\/\/czk-cakovec.hr\/saturn\/wp-json\/wp\/v2\/wcs-room?post=45781"},{"taxonomy":"wcs-instructor","embeddable":true,"href":"https:\/\/czk-cakovec.hr\/saturn\/wp-json\/wp\/v2\/wcs-instructor?post=45781"}],"curies":[{"name":"wp","href":"https:\/\/api.w.org\/{rel}","templated":true}]}}