{"id":46813,"date":"2025-04-17T07:54:42","date_gmt":"2025-04-17T05:54:42","guid":{"rendered":"https:\/\/czk-cakovec.hr\/?post_type=class&#038;p=46813"},"modified":"2025-04-17T07:54:43","modified_gmt":"2025-04-17T05:54:43","slug":"big-band-cakovec-medunarodni-dan-jazza","status":"publish","type":"class","link":"https:\/\/czk-cakovec.hr\/saturn\/class\/big-band-cakovec-medunarodni-dan-jazza\/","title":{"rendered":"Big Band \u010cakovec \/ Me\u0111unarodni dan jazza"},"content":{"rendered":"\n<p><strong>ME\u0110UNARODNI DAN <em>JAZZA<\/em><\/strong><\/p>\n\n\n\n<p>Me\u0111unarodni dan <em>jazza<\/em> obilje\u017eava se 30. travnja, a proglasio ga je UNESCO 2011. godine. Ususret ovom va\u017enom danu za sve ljubitelje <em>jazza<\/em>, nedjeljno popodne <strong>27. travnja od 17 sati<\/strong> imat \u0107emo priliku provesti uz Big Band \u010cakovec koji \u0107e na podestu Centra za kulturu izvoditi svima poznate <em>jazz<\/em> standarde. S novim programom predstavit \u0107e nam se pod dirigentskom palicom Jo\u0161ue Kova\u010devi\u0107a. Ovaj koncert bit \u0107e samo uvod u mnoge glazbene doga\u0111aje koje nam Big Band \u010cakovec priprema za ovu godinu, jer nas ve\u0107 ove jeseni o\u010dekuje njihova velika okrugla 30. obljetnica, a mi s nestrpljenjem \u010dekamo \u010duti \u0161to su nam sve pripremili!<\/p>\n\n\n\n<p><\/p>\n\n\n\n<p>Besplatno!<\/p>\n","protected":false},"excerpt":{"rendered":"<p>ME\u0110UNARODNI DAN JAZZA Me\u0111unarodni dan jazza obilje\u017eava se 30. travnja, a proglasio ga je UNESCO 2011. godine. Ususret ovom va\u017enom danu za sve ljubitelje jazza, nedjeljno popodne 27. travnja od 17 sati imat \u0107emo priliku provesti uz Big Band \u010cakovec koji \u0107e na podestu Centra za kulturu izvoditi svima poznate jazz standarde. S novim programom predstavit \u0107e nam se pod [&hellip;]<\/p>\n","protected":false},"featured_media":46814,"template":"","meta":{"inline_featured_image":false},"wcs-type":[25],"wcs-room":[],"wcs-instructor":[],"class_list":["post-46813","class","type-class","status-publish","has-post-thumbnail","hentry","wcs-type-koncert"],"ulaznica_data":null,"_links":{"self":[{"href":"https:\/\/czk-cakovec.hr\/saturn\/wp-json\/wp\/v2\/class\/46813","targetHints":{"allow":["GET"]}}],"collection":[{"href":"https:\/\/czk-cakovec.hr\/saturn\/wp-json\/wp\/v2\/class"}],"about":[{"href":"https:\/\/czk-cakovec.hr\/saturn\/wp-json\/wp\/v2\/types\/class"}],"wp:featuredmedia":[{"embeddable":true,"href":"https:\/\/czk-cakovec.hr\/saturn\/wp-json\/wp\/v2\/media\/46814"}],"wp:attachment":[{"href":"https:\/\/czk-cakovec.hr\/saturn\/wp-json\/wp\/v2\/media?parent=46813"}],"wp:term":[{"taxonomy":"wcs-type","embeddable":true,"href":"https:\/\/czk-cakovec.hr\/saturn\/wp-json\/wp\/v2\/wcs-type?post=46813"},{"taxonomy":"wcs-room","embeddable":true,"href":"https:\/\/czk-cakovec.hr\/saturn\/wp-json\/wp\/v2\/wcs-room?post=46813"},{"taxonomy":"wcs-instructor","embeddable":true,"href":"https:\/\/czk-cakovec.hr\/saturn\/wp-json\/wp\/v2\/wcs-instructor?post=46813"}],"curies":[{"name":"wp","href":"https:\/\/api.w.org\/{rel}","templated":true}]}}