{"id":46902,"date":"2025-04-29T12:30:40","date_gmt":"2025-04-29T10:30:40","guid":{"rendered":"https:\/\/czk-cakovec.hr\/?post_type=class&#038;p=46902"},"modified":"2025-05-20T07:23:14","modified_gmt":"2025-05-20T05:23:14","slug":"djecje-gradsko-kazaliste-cakovec-coprnajk-zoza-kristina-stebih","status":"publish","type":"class","link":"https:\/\/czk-cakovec.hr\/saturn\/class\/djecje-gradsko-kazaliste-cakovec-coprnajk-zoza-kristina-stebih\/","title":{"rendered":"Dje\u010dje gradsko kazali\u0161te \u010cakovec: COPRNJAK ZOZA"},"content":{"rendered":"\n<p><\/p>\n\n\n\n<p>subota, 17. svibnja 2025. u 16.00 sati | Kazali\u0161na tribina za djecu i mlade Cukorek<\/p>\n\n\n\n<p>P R E M I J E R A<\/p>\n\n\n\n<p><strong>DJE\u010cJE GRADSKO KAZALI\u0160TE \u010cAKOVEC<\/strong><\/p>\n\n\n\n<p><strong>KRISTINA \u0160TEBIH: \u201eCOPRN<strong>J<\/strong>AK ZOZA\u201c<\/strong><\/p>\n\n\n\n<p>prema romanu Lymana Franka Bauma \u201e\u010carobnjak iz Oza\u201c<\/p>\n\n\n\n<p>Redatelj: Dejan Buva\u010d<\/p>\n\n\n\n<p>Pomo\u0107nica redatelja: Dijana Kiri\u0107<\/p>\n\n\n\n<p>Scenografija: Ivan Leva\u010di\u0107<\/p>\n\n\n\n<p>Ton i rasvjeta: Denis Kiri\u0107<\/p>\n\n\n\n<p>Kostime izradile: Dragica Jagec, u\u010denice Gospodarske \u0161kole \u010cakovec iz obrazovnog sektora<\/p>\n\n\n\n<p>Moda, tekstil i ko\u017ea sa stru\u010dnom u\u010diteljicom Andrejom Modrinjak<\/p>\n\n\n\n<p>Ilustratorica plakata: Rusa Trajkova<\/p>\n\n\n\n<p>ULOGE:<\/p>\n\n\n\n<p>Dorica \u2013 Mia Nedeljko \/ Muna Pavlekovi\u0107<\/p>\n\n\n\n<p>Stric Hari <a>\u2013<\/a> Sini\u0161a Obadi\u0107<\/p>\n\n\n\n<p>Strina Ema \u2013 Amra Hrlec<\/p>\n\n\n\n<p>Pas Ton\u010dek \u2013 Erin Kiri\u0107<\/p>\n\n\n\n<p>Stra\u0161ilo \u2013 Leonardo Reich<\/p>\n\n\n\n<p>Plehnati \u2013 Nola Gro\u0161evi\u0107 \/ Zora Jambrovi\u0107<\/p>\n\n\n\n<p>Lav \u2013 Lea Branilovi\u0107 \/ Helena Novak<\/p>\n\n\n\n<p>Dobra coprnica Greta \u2013 Klara \u0160maguc \/ Vjera \u0160krobar<\/p>\n\n\n\n<p>Huda coprnica Baba\/Soseda Vrana \u2013 Vjera Hrlec<\/p>\n\n\n\n<p>Coprnjak Zoz \/ Vu\u010ditelj \u2013 Roko Dunjko<\/p>\n\n\n\n<p>Majmun Bubek \u2013 Erik \u010cre\u0161njovec \/ Tonka Kri\u017eaj<\/p>\n\n\n\n<p>Mali\u010dki precednik Mi\u010do, Majmun\u010di\u0107 \u2013 Lucijan Reich<\/p>\n\n\n\n<p>Mali\u010dki 1, Majmun\u010di\u0107 \u2013 Ana Josipa Mikolaj<\/p>\n\n\n\n<p>Mali\u010dki 2, Majmun\u010di\u0107 \u2013 Dina Jane\u0161<\/p>\n\n\n\n<p>Mali\u010dki 3, Majmun\u010di\u0107 \u2013 Ema Gro\u0161evi\u0107<\/p>\n\n\n\n<p>Mali\u010dki 4, Majmun\u010di\u0107 \u2013 Marija Mezga<\/p>\n\n\n\n<p>Stablo jabuke 1 \u2013 Luka Miljatovi\u0107 Mandir<\/p>\n\n\n\n<p>Stablo jabuke 2 \u2013 Anamarija Matija\u0161ec<\/p>\n\n\n\n<p>O PREDSTAVI:<\/p>\n\n\n\n<p>\u201e\u010carobnjak iz Oza\u201c, pri\u010da Lymana Franka Bauma, ve\u0107 vi\u0161e od osam desetlje\u0107a zaokuplja ma\u0161tu djece diljem planeta. Zgode Dorothy i njezinih \u010detvero prijatelja, psa Tota, Limenog, Stra\u0161ila i Lava, koji zajedno putuju velikom \u010darobnjaku Ozu, odlu\u010dili smo prevesti na kajkavski. Dorica, ba\u0161 kao i u originalnoj pri\u010di, na put kre\u0107e iz svog seoskog dvori\u0161ta, a prije nego li se vrati u svoj voljeni dom, nai\u0107i \u0107e na brojne zgode i nezgode koje \u0107e ju podsjetiti na istinske vrijednosti, poput prijateljstva, obitelji, doma, hrabrosti. Pridru\u017eite se Dorici i njezinim neobi\u010dnim prijateljima i uputite se s nama do dalekog Zoza.<\/p>\n\n\n\n<p>Trajanje predstave: 50 minuta<\/p>\n\n\n\n<p>Uzrast +2<\/p>\n\n\n\n<p>Predstava je sufinancirana sredstvima Grada \u010cakovca, Me\u0111imurske \u017eupanije i Ministarstva kulture i medija Republike Hrvatske.<\/p>\n\n\n\n<p><\/p>\n\n\n\n<p>Ulaznica: 4,00 eura<\/p>\n\n\n\n<p>3,00 eura \/ obiteljska \/ 4 i vi\u0161e ulaznica<\/p>\n","protected":false},"excerpt":{"rendered":"<p>subota, 17. svibnja 2025. u 16.00 sati \/ PREMIJERA<\/p>\n","protected":false},"featured_media":46903,"template":"","meta":{"inline_featured_image":false},"wcs-type":[170,21],"wcs-room":[],"wcs-instructor":[],"class_list":["post-46902","class","type-class","status-publish","has-post-thumbnail","hentry","wcs-type-cukorek","wcs-type-kazaliste"],"ulaznica_data":null,"_links":{"self":[{"href":"https:\/\/czk-cakovec.hr\/saturn\/wp-json\/wp\/v2\/class\/46902","targetHints":{"allow":["GET"]}}],"collection":[{"href":"https:\/\/czk-cakovec.hr\/saturn\/wp-json\/wp\/v2\/class"}],"about":[{"href":"https:\/\/czk-cakovec.hr\/saturn\/wp-json\/wp\/v2\/types\/class"}],"wp:featuredmedia":[{"embeddable":true,"href":"https:\/\/czk-cakovec.hr\/saturn\/wp-json\/wp\/v2\/media\/46903"}],"wp:attachment":[{"href":"https:\/\/czk-cakovec.hr\/saturn\/wp-json\/wp\/v2\/media?parent=46902"}],"wp:term":[{"taxonomy":"wcs-type","embeddable":true,"href":"https:\/\/czk-cakovec.hr\/saturn\/wp-json\/wp\/v2\/wcs-type?post=46902"},{"taxonomy":"wcs-room","embeddable":true,"href":"https:\/\/czk-cakovec.hr\/saturn\/wp-json\/wp\/v2\/wcs-room?post=46902"},{"taxonomy":"wcs-instructor","embeddable":true,"href":"https:\/\/czk-cakovec.hr\/saturn\/wp-json\/wp\/v2\/wcs-instructor?post=46902"}],"curies":[{"name":"wp","href":"https:\/\/api.w.org\/{rel}","templated":true}]}}