{"id":47129,"date":"2025-06-12T13:24:31","date_gmt":"2025-06-12T11:24:31","guid":{"rendered":"https:\/\/czk-cakovec.hr\/?post_type=class&#038;p=47129"},"modified":"2025-06-30T07:12:56","modified_gmt":"2025-06-30T05:12:56","slug":"cakovecko-ljeto-2025","status":"publish","type":"class","link":"https:\/\/czk-cakovec.hr\/saturn\/class\/cakovecko-ljeto-2025\/","title":{"rendered":"\u010cakove\u010dko ljeto 2025."},"content":{"rendered":"\n<p><strong>24. lipnja \u2013 26. srpnja 2025.<\/strong><\/p>\n\n\n\n<p><strong>\u010cAKOVE\u010cKO LJETO 2025.<\/strong><\/p>\n\n\n\n<p>Ljeto 2025. u \u010cakovcu ve\u0107 \u0107emo tradicionalno zapo\u010deti \u201e\u010cakove\u010dkim ljetom\u201c i besplatnim doga\u0111ajima! Manifestacija po\u010dinje okruglim stolom povodom 100. obljetnice ro\u0111enja Ljube Kuntari\u0107a, na\u0161ega proslavljenog glazbenika i skladatelja. Ro\u0111en je u \u010cakovcu 20. lipnja 1925. te se od najranije dobi po\u010deo baviti glazbom. Ono \u0161to je sigurno, jest to da je najpoznatiji po svojim zabavnim skladbama, od kojih su mnoge postale klasici, kao \u0161to je&nbsp;<em>Ta tvoja ruka mala<\/em>. Autor je brojnih svjetovnih i sakralnih djela; skladbi za djecu, opereta, mjuzikala i opera te mno\u0161tva komornih, zborskih, klapskih i orkestralnih skladbi. Pobje\u0111ivao je na mnogim festivalima, dobitnik je mnogih nagrada i priznanja, a 2009. godine dobio je glazbenu nagradu Porin za \u017eivotno djelo.<\/p>\n\n\n\n<p>Kuntari\u0107 je ve\u0107inu svog \u017eivota \u017eivio u Voloskom kraj Opatije, a svojim radom i opusom trajno je zadu\u017eio hrvatsku glazbenu kulturu. Osim okruglog stola, odr\u017eat \u0107e se i koncert u \u010dast Ljubi Kuntari\u0107u pod nazivom&nbsp;<em>U divnom \u010dasu tom<\/em>. Koncert \u0107e okupiti brojne glazbenike koji \u0107e izvesti pone\u0161to iz \u010ditavog njegova opusa. Tako \u0107e se pod vodstvom Tomislava Cvrtile okupiti orkestar koji \u0107e \u010diniti profesionalni instrumentalisti iz Me\u0111imurja i okolice i \u010dlanovi \u017dupanijskog tambura\u0161kog orkestra \u201eStjepan Bujan Stipi\u0107\u201c. Na pozornici \u0107e im se pridru\u017eiti Pjeva\u010dki zbor \u201eJosip \u0160tolcer Slavenski\u201c, na\u0161 proslavljeni tenor Filip Hozjak, vrhunska sopranistica Gabriela Hr\u017eenjak i jo\u0161 pokoji gost iznena\u0111enja.<\/p>\n\n\n\n<figure class=\"wp-block-image\"><img loading=\"lazy\" decoding=\"async\" width=\"1024\" height=\"661\" src=\"https:\/\/czk-cakovec.hr\/wp-content\/uploads\/2025\/04\/MMC-33867-1024x661.jpg\" alt=\"\" class=\"wp-image-47125\" srcset=\"https:\/\/czk-cakovec.hr\/saturn\/wp-content\/uploads\/2025\/04\/MMC-33867-1024x661.jpg 1024w, https:\/\/czk-cakovec.hr\/saturn\/wp-content\/uploads\/2025\/04\/MMC-33867-300x194.jpg 300w, https:\/\/czk-cakovec.hr\/saturn\/wp-content\/uploads\/2025\/04\/MMC-33867-768x496.jpg 768w, https:\/\/czk-cakovec.hr\/saturn\/wp-content\/uploads\/2025\/04\/MMC-33867.jpg 1254w\" sizes=\"auto, (max-width: 1024px) 100vw, 1024px\" \/><\/figure>\n\n\n\n<p>Prije koncerta u \u010dast Ljubi Kuntari\u0107u, u Galeriji Centra otvorit \u0107e se izlo\u017eba \u010dlanova \u0160AF-a povodom pedesete obljetnice pod nazivom \u201c<strong>Biram animaciju \u2013 ju\u010der, danas, sutra!<\/strong>\u201c.<\/p>\n\n\n\n<figure class=\"wp-block-image\"><img loading=\"lazy\" decoding=\"async\" width=\"400\" height=\"255\" src=\"https:\/\/czk-cakovec.hr\/wp-content\/uploads\/2025\/04\/saf50.webp\" alt=\"\" class=\"wp-image-47022\" srcset=\"https:\/\/czk-cakovec.hr\/saturn\/wp-content\/uploads\/2025\/04\/saf50.webp 400w, https:\/\/czk-cakovec.hr\/saturn\/wp-content\/uploads\/2025\/04\/saf50-300x191.webp 300w\" sizes=\"auto, (max-width: 400px) 100vw, 400px\" \/><\/figure>\n\n\n\n<p>Nakon obilje\u017eavanja stote obljetnice ro\u0111enja Ljube Kuntari\u0107a, program \u201e\u010cakove\u010dkog ljeta\u201c nastavit \u0107e se kazali\u0161nim predstavama za djecu. U petak, 27. lipnja, sti\u017eu \u201e<strong>Luckasti klaunovi<\/strong>\u201c Gradskoga dje\u010djeg kazali\u0161ta \u010cakovec, dok u nedjelju, 29. lipnja, dolaze \u201e<strong>Cicek i Micek i izgubljeni prijatelj<\/strong>\u201c, vesela predstava Teatra.002.<\/p>\n\n\n\n<figure class=\"wp-block-image\"><img loading=\"lazy\" decoding=\"async\" width=\"1024\" height=\"683\" src=\"https:\/\/czk-cakovec.hr\/wp-content\/uploads\/2025\/04\/cicek_i_micek_15-1024x683.jpg\" alt=\"\" class=\"wp-image-47019\" srcset=\"https:\/\/czk-cakovec.hr\/saturn\/wp-content\/uploads\/2025\/04\/cicek_i_micek_15-1024x683.jpg 1024w, https:\/\/czk-cakovec.hr\/saturn\/wp-content\/uploads\/2025\/04\/cicek_i_micek_15-300x200.jpg 300w, https:\/\/czk-cakovec.hr\/saturn\/wp-content\/uploads\/2025\/04\/cicek_i_micek_15-768x512.jpg 768w, https:\/\/czk-cakovec.hr\/saturn\/wp-content\/uploads\/2025\/04\/cicek_i_micek_15-1536x1024.jpg 1536w, https:\/\/czk-cakovec.hr\/saturn\/wp-content\/uploads\/2025\/04\/cicek_i_micek_15.jpg 1920w\" sizes=\"auto, (max-width: 1024px) 100vw, 1024px\" \/><\/figure>\n\n\n\n<p>U petak, 27. lipnja, na pozornicu se vra\u0107a legendarna predstava \u201e<strong>Brodolomke<\/strong>\u201c, u koprodukciji Kazali\u0161ta \u201eMoruzgva\u201c i Ludens teatra.<\/p>\n\n\n\n<figure class=\"wp-block-image size-large\"><img loading=\"lazy\" decoding=\"async\" width=\"1024\" height=\"683\" src=\"https:\/\/czk-cakovec.hr\/wp-content\/uploads\/2025\/06\/DSC_5911-1024x683.jpg\" alt=\"\" class=\"wp-image-47133\" srcset=\"https:\/\/czk-cakovec.hr\/saturn\/wp-content\/uploads\/2025\/06\/DSC_5911-1024x683.jpg 1024w, https:\/\/czk-cakovec.hr\/saturn\/wp-content\/uploads\/2025\/06\/DSC_5911-300x200.jpg 300w, https:\/\/czk-cakovec.hr\/saturn\/wp-content\/uploads\/2025\/06\/DSC_5911-768x513.jpg 768w, https:\/\/czk-cakovec.hr\/saturn\/wp-content\/uploads\/2025\/06\/DSC_5911-1536x1025.jpg 1536w, https:\/\/czk-cakovec.hr\/saturn\/wp-content\/uploads\/2025\/06\/DSC_5911-2048x1367.jpg 2048w\" sizes=\"auto, (max-width: 1024px) 100vw, 1024px\" \/><\/figure>\n\n\n\n<p>Plesni dio programa ove godine priredit \u0107e plesa\u010di iz Studija suvremenog plesa \u201eTeuta\u201c s plesnim to\u010dkama pod nazivom \u201eLako\u0107a postojanja\u201c.<\/p>\n\n\n\n<p>Glazbeni dio programa, osim ve\u010deri posve\u0107ene glazbi Ljube Kuntari\u0107a, dodatno \u0107e za\u010diniti&nbsp;<em>rock band<\/em>&nbsp;\u201eVatra\u201c s poznatim vokalom Ivanom De\u010dakom, u subotu, 28. lipnja.<\/p>\n\n\n\n<figure class=\"wp-block-image size-large\"><img loading=\"lazy\" decoding=\"async\" width=\"1024\" height=\"768\" src=\"https:\/\/czk-cakovec.hr\/wp-content\/uploads\/2025\/06\/IMG-20240916-WA0006-1024x768.jpg\" alt=\"\" class=\"wp-image-47134\" srcset=\"https:\/\/czk-cakovec.hr\/saturn\/wp-content\/uploads\/2025\/06\/IMG-20240916-WA0006-1024x768.jpg 1024w, https:\/\/czk-cakovec.hr\/saturn\/wp-content\/uploads\/2025\/06\/IMG-20240916-WA0006-300x225.jpg 300w, https:\/\/czk-cakovec.hr\/saturn\/wp-content\/uploads\/2025\/06\/IMG-20240916-WA0006-768x576.jpg 768w, https:\/\/czk-cakovec.hr\/saturn\/wp-content\/uploads\/2025\/06\/IMG-20240916-WA0006-1536x1152.jpg 1536w, https:\/\/czk-cakovec.hr\/saturn\/wp-content\/uploads\/2025\/06\/IMG-20240916-WA0006-2048x1536.jpg 2048w\" sizes=\"auto, (max-width: 1024px) 100vw, 1024px\" \/><\/figure>\n\n\n\n<p>Dan poslije, u nedjelju, 29. lipnja, \u201eMatija Cvek &amp; The Funkensteins\u201c sti\u017eu u svom prepoznatljivom&nbsp;<em>groovy<\/em>&nbsp;stilu koji je postao za\u0161titnim znakom benda. Ne propustite priliku u\u017eivo do\u017eivjeti vrhunsku energiju, emociju i nevjerojatnu glazbenu pri\u010du koju Matija Cvek i njegov bend stvaraju na svakom koncertu.<\/p>\n\n\n\n<figure class=\"wp-block-image size-large\"><img loading=\"lazy\" decoding=\"async\" width=\"681\" height=\"1024\" src=\"https:\/\/czk-cakovec.hr\/wp-content\/uploads\/2025\/06\/MatijaCVEK_foto-by-Rajna-Raguz-681x1024.jpg\" alt=\"\" class=\"wp-image-47136\" style=\"aspect-ratio:4\/3;object-fit:cover\" srcset=\"https:\/\/czk-cakovec.hr\/saturn\/wp-content\/uploads\/2025\/06\/MatijaCVEK_foto-by-Rajna-Raguz-681x1024.jpg 681w, https:\/\/czk-cakovec.hr\/saturn\/wp-content\/uploads\/2025\/06\/MatijaCVEK_foto-by-Rajna-Raguz-200x300.jpg 200w, https:\/\/czk-cakovec.hr\/saturn\/wp-content\/uploads\/2025\/06\/MatijaCVEK_foto-by-Rajna-Raguz-768x1154.jpg 768w, https:\/\/czk-cakovec.hr\/saturn\/wp-content\/uploads\/2025\/06\/MatijaCVEK_foto-by-Rajna-Raguz-1022x1536.jpg 1022w, https:\/\/czk-cakovec.hr\/saturn\/wp-content\/uploads\/2025\/06\/MatijaCVEK_foto-by-Rajna-Raguz-1363x2048.jpg 1363w, https:\/\/czk-cakovec.hr\/saturn\/wp-content\/uploads\/2025\/06\/MatijaCVEK_foto-by-Rajna-Raguz-scaled.jpg 1703w\" sizes=\"auto, (max-width: 681px) 100vw, 681px\" \/><\/figure>\n\n\n\n<p>U sklopu ovogodi\u0161njeg \u010cakove\u010dkog ljeta, novost je FOOD TRUCK FESTIVAL gdje \u0107e svi posjetitelji mo\u0107i u\u017eivati u hrani i pi\u0107u!<\/p>\n\n\n\n<p>Ove godine na Food Truck Festivalu u sklopu \u010cakove\u010dkog Ljeta od 26. do 29. lipnja 2025. o\u010dekuju vas sljede\u0107i food truckovi:<\/p>\n\n\n\n<p><strong>Grof Lovski (\u010cazma)<\/strong><br>Specijaliteti od divlja\u010di sa \u017eara: burgeri s mesom jelena i divlje svinje, ro\u0161tiljke, kobasice i plate sa salamama \u2013 vrhunsko gastronomsko iskustvo za istinske ljubitelje mesa.<\/p>\n\n\n\n<p><strong>Lino Lada slatka ku\u0107ica by Nadine fritule (Zagreb)<\/strong><br>Fritule i pala\u010dinke, neodoljivi slatki klasik za sve uzraste.<\/p>\n\n\n\n<p><strong>MC Zalogaji by Marija Greguri\u0107 (Vara\u017edin)<\/strong><br>Raznovrsni street food zalogaji, kreativne kombinacije i doma\u0107i okusi.<\/p>\n\n\n\n<p><strong>\u0160kartoc Ljubavi (Me\u0111imurje)<\/strong><br>Prvi street food truck u Me\u0111imurju poznat po vrhunskim burgerima, krumpiri\u0107ima i kreativnim sendvi\u010dima, s posebnim naglaskom na kvalitetne sastojke i originalne kombinacije.<\/p>\n\n\n\n<p><strong>\u0160pizza (\u010cakovec)<\/strong><br>Pizza iz pe\u0107i na kota\u010dima, hrskava i bogata doma\u0107im sastojcima.<\/p>\n\n\n\n<p><strong>VAFL (Slovenija)<\/strong><br>Vafli za sve generacije \u2013 slatki i slani, idealni za svaki trenutak dana.<\/p>\n\n\n\n<p>Radno vrijeme:<br>\u010detvrtak, 26. 6. \/ 16:00 \u2013 23:00<br>petak, 27. 6. \/ 16:00 \u2013 23:00<br>subota, 28. 6. \/ 11:00 \u2013 00:00<br>nedjelja, 29. 6. \/ 11:00 \u2013 00:00<\/p>\n\n\n\n<figure class=\"wp-block-image size-large\"><img loading=\"lazy\" decoding=\"async\" width=\"819\" height=\"1024\" src=\"https:\/\/czk-cakovec.hr\/wp-content\/uploads\/2025\/06\/C\u030cK-Glavni-vizual-INSTA-post-819x1024.jpg\" alt=\"\" class=\"wp-image-47137\" srcset=\"https:\/\/czk-cakovec.hr\/saturn\/wp-content\/uploads\/2025\/06\/C\u030cK-Glavni-vizual-INSTA-post-819x1024.jpg 819w, https:\/\/czk-cakovec.hr\/saturn\/wp-content\/uploads\/2025\/06\/C\u030cK-Glavni-vizual-INSTA-post-240x300.jpg 240w, https:\/\/czk-cakovec.hr\/saturn\/wp-content\/uploads\/2025\/06\/C\u030cK-Glavni-vizual-INSTA-post-768x960.jpg 768w, https:\/\/czk-cakovec.hr\/saturn\/wp-content\/uploads\/2025\/06\/C\u030cK-Glavni-vizual-INSTA-post.jpg 1080w\" sizes=\"auto, (max-width: 819px) 100vw, 819px\" \/><\/figure>\n\n\n\n<p>Detaljan program i sva doga\u0111anja u sklopu \u201e\u010cakove\u010dkog ljeta\u201c pogledajte ovdje:<\/p>\n\n\n\n<p><object data=\"https:\/\/czk-cakovec.hr\/wp-content\/uploads\/2025\/04\/ck-ljeto-plakat-programski-300x680-2.pdf\" type=\"application\/pdf\"><\/object><a href=\"https:\/\/czk-cakovec.hr\/wp-content\/uploads\/2025\/04\/ck-ljeto-plakat-programski-300x680-2.pdf\">Preuzmi<\/a><\/p>\n\n\n\n<p><\/p>\n\n\n\n<p><\/p>\n","protected":false},"excerpt":{"rendered":"<p>24. lipnja \u2013 26. srpnja 2025.<\/p>\n","protected":false},"featured_media":47132,"template":"","meta":{"inline_featured_image":false},"wcs-type":[16],"wcs-room":[],"wcs-instructor":[],"class_list":["post-47129","class","type-class","status-publish","has-post-thumbnail","hentry","wcs-type-ostalo"],"ulaznica_data":null,"_links":{"self":[{"href":"https:\/\/czk-cakovec.hr\/saturn\/wp-json\/wp\/v2\/class\/47129","targetHints":{"allow":["GET"]}}],"collection":[{"href":"https:\/\/czk-cakovec.hr\/saturn\/wp-json\/wp\/v2\/class"}],"about":[{"href":"https:\/\/czk-cakovec.hr\/saturn\/wp-json\/wp\/v2\/types\/class"}],"wp:featuredmedia":[{"embeddable":true,"href":"https:\/\/czk-cakovec.hr\/saturn\/wp-json\/wp\/v2\/media\/47132"}],"wp:attachment":[{"href":"https:\/\/czk-cakovec.hr\/saturn\/wp-json\/wp\/v2\/media?parent=47129"}],"wp:term":[{"taxonomy":"wcs-type","embeddable":true,"href":"https:\/\/czk-cakovec.hr\/saturn\/wp-json\/wp\/v2\/wcs-type?post=47129"},{"taxonomy":"wcs-room","embeddable":true,"href":"https:\/\/czk-cakovec.hr\/saturn\/wp-json\/wp\/v2\/wcs-room?post=47129"},{"taxonomy":"wcs-instructor","embeddable":true,"href":"https:\/\/czk-cakovec.hr\/saturn\/wp-json\/wp\/v2\/wcs-instructor?post=47129"}],"curies":[{"name":"wp","href":"https:\/\/api.w.org\/{rel}","templated":true}]}}