{"id":47203,"date":"2025-06-30T13:03:01","date_gmt":"2025-06-30T11:03:01","guid":{"rendered":"https:\/\/czk-cakovec.hr\/?post_type=class&#038;p=47203"},"modified":"2025-06-30T13:03:01","modified_gmt":"2025-06-30T11:03:01","slug":"eurocubans","status":"publish","type":"class","link":"https:\/\/czk-cakovec.hr\/saturn\/class\/eurocubans\/","title":{"rendered":"EUROCUBANS"},"content":{"rendered":"\n<p>nedjelja, 6. srpnja u 20.00 sat \/ Vanjska pozornica Centra<\/p>\n\n\n\n<p>EUROCUBANS<\/p>\n\n\n\n<p>EuroCubans feat. Juan de Marcos Gonzalez, Juan Munguia i Carlos D\u2019l Puerto<br>Grupa je osnovana na inicijativu slovenskog udaraljka\u0161a \u010crta P\u0161eni\u010dnika, koji je, nakon zavr\u0161etka formalnog obrazovanja, radio na razvoju afro-kubanskih stilova s najboljim kubanskim udaraljka\u0161ima, uklju\u010duju\u0107i dobitnika nagrade Grammy Juana de Marcosa Gonzaleza, jednu od sredi\u0161njih figura kubanske glazbe. Potonji je glavni vokal u ansamblu (tako\u0111er svira tres &#8211; gitaru s tri para \u017eica, karakteristi\u010dnu za stil)<br>i tako\u0111er je visoko cijenjen kao aran\u017eer. Najpoznatiji je kao \u010dlan legendarnog Buena Vista Social Cluba i kao glumac &#8211; posudio je glas jednom od glavnih likova u animiranom filmu &#8220;Vivo&#8221;, uz Gloriju Estefan i druge. Gonzalezova suradnja s mnogim istaknutim glazbenicima zna\u010dajno je doprinijela popularizaciji kubanske glazbe \u0161irom svijeta. Tako\u0111er je nastupao i snimao kao \u010dlan poznatog Afro Cuban<br>All Starsa.<br>Uz P\u0161eni\u010dnika i Gonzaleza, u grupi su i druga poznata imena jazza i latino popularne glazbe. Prije svega, truba\u010d Juan Munguia, dvostruki dobitnik Grammyja s legendarnom grupom Irakere (gdje je naslijedio Artura Sandovala). Sura\u0111ivao je i s Orkestrom Ujedinjenih naroda pod vodstvom Dizzyja Gillespieja \u2013 u to vrijeme, u ansamblu su bili i Paquito D\u2019Rivera, Claudio Roditi, Slide Hampton, Steve Turre, Danilo Perez i drugi. Kada je 1992. nastupio s Irakereom na Newport Jazz Festivalu u Japanu, izabran je za All Stars Big Band, zajedno s Johnom Fadisom, Tomom Harrellom, Joeom Hendersonom, Chuchitom Valdesom i drugima. Sredinom 1990-ih, Munguia je predavao trubu na Akademiji suvremene glazbe u Z\u00fcrichu i \u201e\u0160vicarskoj jazz \u0161koli\u201c. Posljednjih dvadeset godina \u017eivi i radi u \u0160panjolskoj. Ansambl tako\u0111er uklju\u010duje poznatog basista i dvostrukog dobitnika nagrade Grammy Carlosa D\u2019l Puerta, jednog od osniva\u010da Irakerea i jednog od kubanskih glazbenika s najdu\u017eom i najbogatijom umjetni\u010dkom karijerom kao izvo\u0111a\u010d i pedagog. Carlos D\u2019l Puerto trenutno \u017eivi u Finskoj, gdje radi kao u\u010ditelj i ravnatelj Big Banda u Glazbenom institutu Konzervatorija u Turkuu te je bio glazbeni direktor i aran\u017eer nekih od najpoznatijih finskih izvo\u0111a\u010da.<br>EuroCubans tako\u0111er uklju\u010duje, izme\u0111u ostalih, udaraljka\u0161a Rolanda Salgada Palacia \u201cEl Ni\u00f1o Mentira\u201d (Afro Cuban All Stars, Candido Febre, Conjunto Chappottin), pijanista Davida Alfara (Afro Cuban All Stars, La Banda JB de Juaquin Betancoirt) i pjeva\u010da Emilija Suareza Martineza (Willie Colon, Israel Lopez Cachao, Afro Cuban All Stars).<br>Energija kubanskih ritmova u ovom ansamblu nikoga ne ostavlja ravnodu\u0161nim, zbog \u010dega je \u010dlanovi benda uvijek unaprijed podsje\u0107aju publiku da na njihove koncerte dolazi odjevena odgovaraju\u0107e plesne cipele.<br>Cijeli ansambl EuroCubans feat. Juan de Marcos Gonzalez, Juan Munguia &amp; Carlos D\u2019l Puerto se sastoji od:<br>Juan de Marcos Gonzalez \u2013 vokal, tres; \u010crtomir P\u0161eni\u010dnik \u2013 udaraljke; Juan Munguia \u2013<br>truba; Rolando Salgado Palacio \u2013 udaraljke; Emilio Suarez Martinez \u2013 vokal; David<br>Alfaro \u2013 klavir; Raudel Marzal Torres \u2013 truba; Durruthy Lopez Alcibiades \u2013 vokal;<br>Alberto Muguercia Ramos \u2013 timbali; William Valdes Ibanez \u2013 vokal; Carlos D\u2019l Puerto \u2013 bas; Andrej \u0160trekelj\u2013 trombon; Matja\u017e Kafol\u2013 trombon i Andrej \u0160trekelj \u2013 truba.<\/p>\n","protected":false},"excerpt":{"rendered":"<p>nedjelja, 6. srpnja u 20.00 sat \/ Vanjska pozornica Centra EUROCUBANS EuroCubans feat. Juan de Marcos Gonzalez, Juan Munguia i Carlos D\u2019l PuertoGrupa je osnovana na inicijativu slovenskog udaraljka\u0161a \u010crta P\u0161eni\u010dnika, koji je, nakon zavr\u0161etka formalnog obrazovanja, radio na razvoju afro-kubanskih stilova s najboljim kubanskim udaraljka\u0161ima, uklju\u010duju\u0107i dobitnika nagrade Grammy Juana de Marcosa Gonzaleza, jednu od sredi\u0161njih figura kubanske glazbe. [&hellip;]<\/p>\n","protected":false},"featured_media":47204,"template":"","meta":{"inline_featured_image":false},"wcs-type":[25],"wcs-room":[138,199],"wcs-instructor":[],"class_list":["post-47203","class","type-class","status-publish","has-post-thumbnail","hentry","wcs-type-koncert","wcs-room-dvorana-scheier","wcs-room-vanjska-pozornica-czk"],"ulaznica_data":null,"_links":{"self":[{"href":"https:\/\/czk-cakovec.hr\/saturn\/wp-json\/wp\/v2\/class\/47203","targetHints":{"allow":["GET"]}}],"collection":[{"href":"https:\/\/czk-cakovec.hr\/saturn\/wp-json\/wp\/v2\/class"}],"about":[{"href":"https:\/\/czk-cakovec.hr\/saturn\/wp-json\/wp\/v2\/types\/class"}],"wp:featuredmedia":[{"embeddable":true,"href":"https:\/\/czk-cakovec.hr\/saturn\/wp-json\/wp\/v2\/media\/47204"}],"wp:attachment":[{"href":"https:\/\/czk-cakovec.hr\/saturn\/wp-json\/wp\/v2\/media?parent=47203"}],"wp:term":[{"taxonomy":"wcs-type","embeddable":true,"href":"https:\/\/czk-cakovec.hr\/saturn\/wp-json\/wp\/v2\/wcs-type?post=47203"},{"taxonomy":"wcs-room","embeddable":true,"href":"https:\/\/czk-cakovec.hr\/saturn\/wp-json\/wp\/v2\/wcs-room?post=47203"},{"taxonomy":"wcs-instructor","embeddable":true,"href":"https:\/\/czk-cakovec.hr\/saturn\/wp-json\/wp\/v2\/wcs-instructor?post=47203"}],"curies":[{"name":"wp","href":"https:\/\/api.w.org\/{rel}","templated":true}]}}