{"id":47224,"date":"2025-07-02T11:30:57","date_gmt":"2025-07-02T09:30:57","guid":{"rendered":"https:\/\/czk-cakovec.hr\/?post_type=class&#038;p=47224"},"modified":"2025-07-30T07:16:00","modified_gmt":"2025-07-30T05:16:00","slug":"fantasticna-4-prvi-koraci","status":"publish","type":"class","link":"https:\/\/czk-cakovec.hr\/saturn\/class\/fantasticna-4-prvi-koraci\/","title":{"rendered":"FANTASTI\u010cNA 4: PRVI KORACI"},"content":{"rendered":"\n<p>25. \u2013 28.7. <\/p>\n\n\n\n<p>FANTASTI\u010cNA 4: PRVI KORACI<\/p>\n\n\n\n<p>Fantastic Four First Steps<\/p>\n\n\n\n<p>SF, akcija, avantura, titlana verzija, SAD, 2025.<\/p>\n\n\n\n<p>Re\u017eija: Matt Shakman<\/p>\n\n\n\n<p>Uloge: Pedro Pascal, Vanessa Kirby, Joseph Quinn i Ebon Moss-Bachrach<\/p>\n\n\n\n<p>Ovog srpnja u razmaku od samo dva tjedna u kina nam sti\u017eu dva superherojska filma \u2013 DC-ev Superman i Marvelov Fantasti\u010dna \u010detvorka: Prvi koraci. Dok \u0107e Lex Luthor za Clarka Kenta izazivati glavobolje kao \u0161to to \u010dini ve\u0107 desetlje\u0107ima, Doctor Doom \u0107e kao najve\u0107i neprijatelj Fantasti\u010dne \u010detvorke za novi film presjediti na klupi.<\/p>\n\n\n\n<p>Umjesto Dooma, pro\u017edira\u010d svjetova Galactus glavna je prijetnja Fantasti\u010dnoj \u010detvorci. Galactus je jedan od najmo\u0107nijih i najpoznatijih negativaca u Marvelovom svijetu \u0161to zna\u010di da \u0107e Mister Fantastic, Nevidljiva \u017eena, The Thing, i Ljudska baklja imati pravo vatreno kr\u0161tenje u svom MCU debiju.<\/p>\n\n\n\n<p>Ovoga ljeta zakora\u010dite u fantasti\u010dnu novu budu\u0107nost s Marvelovom prvom obitelji. Fantasti\u010dna 4: Prvi koraci spaja vibrantni retro-\u0161tih \u0161ezdesetih s futuristi\u010dkim inovacijama u vizualno zadivljuju\u0107oj avanturi koja nadilazi \u017eanr superjunaka. Film nanovo definira herojstvo za novu generaciju, donose\u0107i smjelu i emotivnu pri\u010du o tome \u0161to zna\u010di biti i junak i obitelj \u2013 slavlje zajedni\u0161tva, otpornosti i veza koje \u010dine obitelj fantasti\u010dnom.<\/p>\n\n\n\n<p>Trajanje: 2 sata 10 minuta<\/p>\n\n\n\n<p>RASPORED PRIKAZIVANJA:<\/p>\n\n\n\n<p>Patak 25.7. u 20.00 sati<\/p>\n\n\n\n<p>Subota 26.7 u 20.00 sati<\/p>\n\n\n\n<p>Nedjelja 27.7. u 20.00 sati<\/p>\n\n\n\n<p>Ponedjeljak 28.7 u 20.00 sati<\/p>\n\n\n\n<p><\/p>\n","protected":false},"excerpt":{"rendered":"<p>25. \u2013 28.7. u 20.00 sati<\/p>\n","protected":false},"featured_media":47328,"template":"","meta":{"inline_featured_image":false},"wcs-type":[7],"wcs-room":[10],"wcs-instructor":[],"class_list":["post-47224","class","type-class","status-publish","has-post-thumbnail","hentry","wcs-type-kinematografija","wcs-room-dvorana-czk"],"ulaznica_data":{"id":"666","base_url":"","full_url":"","has_ticket":true},"_links":{"self":[{"href":"https:\/\/czk-cakovec.hr\/saturn\/wp-json\/wp\/v2\/class\/47224","targetHints":{"allow":["GET"]}}],"collection":[{"href":"https:\/\/czk-cakovec.hr\/saturn\/wp-json\/wp\/v2\/class"}],"about":[{"href":"https:\/\/czk-cakovec.hr\/saturn\/wp-json\/wp\/v2\/types\/class"}],"wp:featuredmedia":[{"embeddable":true,"href":"https:\/\/czk-cakovec.hr\/saturn\/wp-json\/wp\/v2\/media\/47328"}],"wp:attachment":[{"href":"https:\/\/czk-cakovec.hr\/saturn\/wp-json\/wp\/v2\/media?parent=47224"}],"wp:term":[{"taxonomy":"wcs-type","embeddable":true,"href":"https:\/\/czk-cakovec.hr\/saturn\/wp-json\/wp\/v2\/wcs-type?post=47224"},{"taxonomy":"wcs-room","embeddable":true,"href":"https:\/\/czk-cakovec.hr\/saturn\/wp-json\/wp\/v2\/wcs-room?post=47224"},{"taxonomy":"wcs-instructor","embeddable":true,"href":"https:\/\/czk-cakovec.hr\/saturn\/wp-json\/wp\/v2\/wcs-instructor?post=47224"}],"curies":[{"name":"wp","href":"https:\/\/api.w.org\/{rel}","templated":true}]}}