{"id":50414,"date":"2026-04-29T09:05:13","date_gmt":"2026-04-29T07:05:13","guid":{"rendered":"https:\/\/czk-cakovec.hr\/saturn\/?post_type=class&#038;p=50414"},"modified":"2026-04-29T09:05:13","modified_gmt":"2026-04-29T07:05:13","slug":"djecje-gradsko-kazaliste-cakovec-gori-se-cuje-moja-pesma","status":"publish","type":"class","link":"https:\/\/czk-cakovec.hr\/saturn\/class\/djecje-gradsko-kazaliste-cakovec-gori-se-cuje-moja-pesma\/","title":{"rendered":"Dje\u010dje gradsko kazali\u0161te \u010cakovec: GORI SE \u010cUJE MOJA PESMA"},"content":{"rendered":"\n<p>nedjelja, 17. svibnja 2026. u 16.00 sati | PREMIJERA<\/p>\n\n\n\n<p>Kazali\u0161na tribina za djecu i mlade &#8220;Cukorek&#8221; \/ 53. MMM <em>Josip \u0160tolcer Slavenski<\/em><\/p>\n\n\n\n<p><strong>Dje\u010dje gradsko kazali\u0161te \u010cakovec: GORI SE \u010cUJE MOJA PESMA<\/strong><\/p>\n\n\n\n<p>Josip \u0160tolcer Slavenski, mali Pepek, kako su ga zvali \u010dlanovi obitelji i bliski prijatelji, ve\u0107 je od najranije dobio bio vezan za glazbu koja mu je ispunjavala ne samo dane, ve\u0107 i duge pekarske no\u0107i. Ro\u0111en u obitelji pekara u kojoj su oba roditelja bila glazbeno nadarena, Pepek se hranio glazbom kroz popevke njegove majke, teoriju njegova oca, notne zapise koje bi mu poklanjali gra\u0111ani \u010cakovca, pjev ptica, milozvu\u010dnost gradskih zvona, orgulja i svirku uli\u010dnih orkestara. Njegov glazbeni put u\u0161ao je u povijest i na\u0161em kraju podario istinskog velikana, no kako je poznati skladatelj pro\u017eivljavao djetinjstvo koje nije uvijek bilo lako i sretno, ispri\u010dat \u0107e nam mali i veliki \u010dlanovi Dje\u010djeg gradskog kazali\u0161ta \u010cakovec. Predstava <em>Gori se \u010duje moja pesma<\/em> premijerno \u0107e biti izvedena u nedjelju, 17. svibnja na Tribini <em>Cukorek<\/em> povodom 130. godi\u0161njice ro\u0111enja Josipa \u0160tolcera Slavenskog. Autorica teksta je Kristina \u0160tebih, a re\u017eiju potpisuje voditelj Dje\u010djeg gradskog kazali\u0161ta \u010cakovec Dejan Buva\u010d.<\/p>\n\n\n\n<p><\/p>\n\n\n\n<p><\/p>\n","protected":false},"excerpt":{"rendered":"<p>nedjelja, 17. svibnja 2026. u 16.00 sati | PREMIJERA<\/p>\n","protected":false},"featured_media":50415,"template":"","meta":{"inline_featured_image":false},"wcs-type":[170,21],"wcs-room":[10],"wcs-instructor":[],"class_list":["post-50414","class","type-class","status-publish","has-post-thumbnail","hentry","wcs-type-cukorek","wcs-type-kazaliste","wcs-room-dvorana-czk"],"ulaznica_data":null,"_links":{"self":[{"href":"https:\/\/czk-cakovec.hr\/saturn\/wp-json\/wp\/v2\/class\/50414","targetHints":{"allow":["GET"]}}],"collection":[{"href":"https:\/\/czk-cakovec.hr\/saturn\/wp-json\/wp\/v2\/class"}],"about":[{"href":"https:\/\/czk-cakovec.hr\/saturn\/wp-json\/wp\/v2\/types\/class"}],"wp:featuredmedia":[{"embeddable":true,"href":"https:\/\/czk-cakovec.hr\/saturn\/wp-json\/wp\/v2\/media\/50415"}],"wp:attachment":[{"href":"https:\/\/czk-cakovec.hr\/saturn\/wp-json\/wp\/v2\/media?parent=50414"}],"wp:term":[{"taxonomy":"wcs-type","embeddable":true,"href":"https:\/\/czk-cakovec.hr\/saturn\/wp-json\/wp\/v2\/wcs-type?post=50414"},{"taxonomy":"wcs-room","embeddable":true,"href":"https:\/\/czk-cakovec.hr\/saturn\/wp-json\/wp\/v2\/wcs-room?post=50414"},{"taxonomy":"wcs-instructor","embeddable":true,"href":"https:\/\/czk-cakovec.hr\/saturn\/wp-json\/wp\/v2\/wcs-instructor?post=50414"}],"curies":[{"name":"wp","href":"https:\/\/api.w.org\/{rel}","templated":true}]}}