{"id":34436,"date":"2022-01-11T07:13:03","date_gmt":"2022-01-11T06:13:03","guid":{"rendered":"https:\/\/czk-cakovec.hr\/?page_id=34436"},"modified":"2022-01-11T07:13:03","modified_gmt":"2022-01-11T06:13:03","slug":"javni-poziv-za-tematske-projekte-mala-tribina-petkom-i-radionice-na-maloj-sceni","status":"publish","type":"page","link":"https:\/\/czk-cakovec.hr\/saturn\/javni-poziv-za-tematske-projekte-mala-tribina-petkom-i-radionice-na-maloj-sceni\/","title":{"rendered":"Javni poziv za tematske projekte Mala tribina petkom i Radionice na maloj sceni"},"content":{"rendered":"<p>Centar za kulturu \u010cakovec objavljuje poziv sudionicima na dva tematska projekta: &#8220;Mala tribina petkom&#8221; i\u00a0&#8220;Radionice na maloj sceni&#8221;<\/p>\n<p><strong>&#8220;Mala tribina petkom&#8221;<\/strong> u cijelosti \u0107e se odvijati na Maloj sceni &#8220;Vinko Lisjak&#8221;. Za tu namjenu, planirana su dva ili, po potrebi i u skladu s epidemiolo\u0161kim mjerama, vi\u0161e mjese\u010dnih termina, petkom u ve\u010dernjim satima. Programi \u0107e uklju\u010divati nastupe folklora, manje kazali\u0161ne predstave, akusti\u010dne koncerte, plesne nastupe, performanse lokalnih amaterskih izvo\u0111a\u010da, \u010dlanica Gradske zajednice kulture, Centra za mlade, ali i ostalih udruga \u010diji \u0107e programi zadovoljiti kriterije Centra za kulturu.<\/p>\n<p>Tko se mo\u017ee prijaviti?<\/p>\n<p>Svoje programe putem tog natje\u010daja mogu ponuditi pojedinci umjetnici amateri, udruge i ustanove u kulturi i to najvi\u0161e dva razli\u010dita programa za dva termina.<\/p>\n<p><a href=\"https:\/\/czk-cakovec.hr\/wp-content\/uploads\/2022\/01\/Javni-poziv-Mala-tribina-petkom.docx\"><strong><u>Obrazac za prijavu Mala tribina petkom<\/u><\/strong><\/a><\/p>\n<p>&nbsp;<\/p>\n<p><strong>&#8220;Radionice na maloj sceni&#8221;<\/strong>, organiziraju se u suradnji sa \u010dlanicama Gradske zajednice kulture te ostalim udrugama u kulturi. Osmi\u0161ljene su edukativne radionice za djecu i mlade, od vrti\u0107ke dobi pa do srednjo\u0161kolskog uzrasta. Radionice su usmjerene na glazbenu, kazali\u0161nu, plesnu umjetnost, kao i na tradicijsku kulturu, folklor. Djeca \u0107e imati prilike u\u010diti od dugogodi\u0161njih voditelja i \u010dlanova raznih udruga u kulturi, sama isku\u0161ati podru\u010dja od svog interesa, a krajnji je cilj osvijestiti interes mladih za kulturu, umjetni\u010dko izra\u017eavanje i tradiciju zavi\u010daja. Centar za kulturu \u0107e godi\u0161nje odr\u017eati 8 takvih radionica, dvije za vrti\u0107ku dob, dvije za u\u010denike razredne, dvije za u\u010denike predmetne nastave te dvije za srednjo\u0161kolski uzrast u koje \u0107e se uklju\u010diti i Gimnazija Josipa Slavenskog \u010cakovec sa svojim Centrom izvrsnosti. Sadr\u017eaj radionica, kao i predava\u010di, tako\u0111er \u0107e biti izabrani putem javnog natje\u010daja kojeg \u0107e Centar za kulturu raspisati nakon 10. sije\u010dnja 2022. Sve radionice odvijat \u0107e se u prijepodnevnim satima, na Maloj sceni &#8220;Vinko Lisjak&#8221;.<\/p>\n<p>Tko se mo\u017ee prijaviti?<\/p>\n<p>Svoje programe putem tog natje\u010daja mogu ponuditi svi voditelji, \u010dlanovi udruga, stru\u010dnjaci s podru\u010dja kulture, umjetnosti, etnologije, folklora, itd. koji svoje znanje i vje\u0161tine \u017eele prenositi na najmla\u0111e nara\u0161taje.<\/p>\n<p>Iznos financijske potpore:<\/p>\n<p>Voditelji \u0107e po odr\u017eanoj radionici primiti honorar u bruto iznosu od 1.000,00 kuna \/ autorski ugovor.<\/p>\n<p>Nakon pristiglih prijava, o odabranim projektima \u0107e odlu\u010divati tro\u010dlana prosudbena komisija:<strong> Nikola Kotur<\/strong>, predsjednik Gradske zajednice kulture Grada \u010cakovca, <strong>Dejan Buva\u010d<\/strong>, predsjednik Zajednice hrvatskih kulturno umjetni\u010dkih udruga M\u017d i <strong>Kristina \u0160tebih<\/strong>, koordinatorica programa u amaterskoj kulturi Centra za kulturu \u010cakovec.<\/p>\n<p><a href=\"https:\/\/czk-cakovec.hr\/wp-content\/uploads\/2022\/01\/Javni-poziv-Radionice-na-maloj-sceni.docx\"><strong><u>Obrazac za prijavu Radionice na maloj sceni<\/u><\/strong><\/a><\/p>\n<p>&nbsp;<\/p>\n<p>Popunjeni obrazac \u0161alje se elektroni\u010dkim putem na adresu:\u00a0<a href=\"mailto:kristinastebih@czk-cakovec.hr\">kristinastebih@czk-cakovec.hr<\/a> ili putem po\u0161te na adresu: Centar za kulturu \u010cakovec, Trg Republike 3, 40 000 \u010cakovec.<\/p>\n<p>Natje\u010daj je otvoren do 1. velja\u010de 2022. godine.<\/p>\n","protected":false},"excerpt":{"rendered":"<p>Centar za kulturu \u010cakovec objavljuje poziv sudionicima na dva tematska projekta: &#8220;Mala tribina petkom&#8221; i\u00a0&#8220;Radionice na maloj sceni&#8221; &#8220;Mala tribina petkom&#8221; u cijelosti \u0107e se odvijati na Maloj sceni &#8220;Vinko Lisjak&#8221;. Za tu namjenu, planirana su dva ili, po potrebi i u skladu s epidemiolo\u0161kim mjerama, vi\u0161e mjese\u010dnih termina, petkom u ve\u010dernjim satima. Programi \u0107e uklju\u010divati nastupe folklora, manje kazali\u0161ne [&hellip;]<\/p>\n","protected":false},"author":1,"featured_media":0,"parent":0,"menu_order":0,"comment_status":"closed","ping_status":"closed","template":"","meta":{"inline_featured_image":false,"footnotes":""},"class_list":["post-34436","page","type-page","status-publish","hentry"],"ulaznica_data":null,"_links":{"self":[{"href":"https:\/\/czk-cakovec.hr\/saturn\/wp-json\/wp\/v2\/pages\/34436","targetHints":{"allow":["GET"]}}],"collection":[{"href":"https:\/\/czk-cakovec.hr\/saturn\/wp-json\/wp\/v2\/pages"}],"about":[{"href":"https:\/\/czk-cakovec.hr\/saturn\/wp-json\/wp\/v2\/types\/page"}],"author":[{"embeddable":true,"href":"https:\/\/czk-cakovec.hr\/saturn\/wp-json\/wp\/v2\/users\/1"}],"replies":[{"embeddable":true,"href":"https:\/\/czk-cakovec.hr\/saturn\/wp-json\/wp\/v2\/comments?post=34436"}],"version-history":[{"count":0,"href":"https:\/\/czk-cakovec.hr\/saturn\/wp-json\/wp\/v2\/pages\/34436\/revisions"}],"wp:attachment":[{"href":"https:\/\/czk-cakovec.hr\/saturn\/wp-json\/wp\/v2\/media?parent=34436"}],"curies":[{"name":"wp","href":"https:\/\/api.w.org\/{rel}","templated":true}]}}