{"id":48429,"date":"2025-12-22T12:13:11","date_gmt":"2025-12-22T11:13:11","guid":{"rendered":"https:\/\/czk-cakovec.hr\/?page_id=48429"},"modified":"2025-12-22T12:13:50","modified_gmt":"2025-12-22T11:13:50","slug":"pinklec-nagrade","status":"publish","type":"page","link":"https:\/\/czk-cakovec.hr\/saturn\/pinklec-nagrade\/","title":{"rendered":"Nagrade"},"content":{"rendered":"<div class=\"wpb-content-wrapper\">[vc_row][vc_column][vc_custom_heading text=&#8221;Nagrade&#8221; font_container=&#8221;tag:h1|text_align:left&#8221; css=&#8221;&#8221;][\/vc_column][\/vc_row][vc_row][vc_column][vc_column_text css=&#8221;&#8221;]\n<h1 class=\"wp-block-heading\">2022\/2023<\/h1>\n<p>&nbsp;<\/p>\n<h1 class=\"wp-block-heading\">2021\/2022<\/h1>\n<p><strong>24. susret profesionalnih kazali\u0161ta za djecu i mlade HC Assitej, \u010cakovec<\/strong><\/p>\n<p><strong>Najbolja scenska glazba<\/strong>\u00a0\u2013 Bojan Miljan\u010di\u0107, za scensku glazbu u predstavi \u201ePlavo sunce na \u017eutom nebu\u201c Kazali\u0161ne dru\u017eine Pinklec, \u010cakovec<\/p>\n<p><strong>Najbolje oblikovanje svjetla<\/strong>\u00a0\u2013 Neven Taradi, za oblikovanje svjetla u predstavi \u201ePlavo sunce na \u017eutom nebu\u201c Kazali\u0161ne dru\u017eine Pinklec, \u010cakovec<\/p>\n<p><strong>Nagrada za kolektivnu igru ansamblu predstave<\/strong>\u00a0\u201ePlavo sunce na \u017eutom nebu\u201c \/Kazali\u0161na dru\u017eina Pinklec \u010cakovec<\/p>\n<p><strong>21. Naj, naj, naj festival, Zagreb<br \/>\n<\/strong><br \/>\n<strong>Nagrada za najbolje likovno oblikovanje<\/strong>\u00a0dodjeljuje se Nenadu Kernu za predstavu Plavo sunce na \u017eutom nebu, KD Pinklec \u010cakovec<\/p>\n<p><strong>Nagrada za najbolje oblikovanje svjetla<\/strong>\u00a0dodjeljuje se Nevenu Taradiju za predstavu Plavo sunce na \u017eutom nebu, KD Pinklec \u010cakovec<\/p>\n<h1 class=\"wp-block-heading\">2020\/2021<\/h1>\n<p><strong>Nagrada za najbolju scenografiju<\/strong>\u00a0\u2013 Leo Vukeli\u0107, za predstavu\u00a0<strong>\u201cKao voda\u201d<\/strong>\u00a0u re\u017eiji Romana Bogdana i izvedbi KD Pinklec i HNK u Vara\u017edinu<\/p>\n<p>23. Susret profesionalnih kazali\u0161ta za djecu i mlade Assitej, \u010cakovec<\/p>\n<p><strong>Nagrada za najbolje gluma\u010dko ostvarenje ansambla<\/strong>\u00a0(Karolina Horvat, Bruno Kontrec, Mario Jak\u0161i\u0107, Davor Dokleja i Neven Mato\u0161a) za predstavu\u00a0<strong>\u201dVUKA SE NE BOJIM JA\u201d<\/strong>\u00a0u izvedbi Kazali\u0161ne dru\u017eine Pinklec i re\u017eiji Romana Bogdana<\/p>\n<p><strong>25. Revija lutkarskih kazali\u0161ta u Rijeci<\/strong><\/p>\n<p><strong>Nagrada \u201cDomino\u201d za najbolju predstavu Revije<\/strong>\u00a0predstava\u00a0<strong>\u201cVuka se ne bojim ja\u201d\u00a0<\/strong>Kazali\u0161ne dru\u017eine Pinklec iz \u010cakovca u re\u017eiji Romana Bogdana.<\/p>\n<p><strong>13. Festival hrvatske drame za djecu Mali Maruli\u0107<\/strong><\/p>\n<p><strong>Nagrada za kolektivnu igru<\/strong>\u00a0\u2013 ansamblu predstave\u00a0<strong>\u201eKRPIMIRCI\u201c<\/strong>\u00a0u izvedbi Gradskog kazali\u0161ta lutaka Rijeka u re\u017eiji Ksenije Zec i Sa\u0161e Bo\u017ei\u0107a<\/p>\n<p><strong>Nagrada Zdenka Mi\u0161ura za najve\u0107i kazali\u0161ni izazov\u00a0<\/strong>\u2013 Gradskom kazali\u0161tu lutaka Rijeka i Kazali\u0161noj dru\u017eini \u201ePinklec\u201c iz \u010cakovca za predstavu\u00a0<strong>\u201cKRPIMIRCI\u201d<\/strong>\u00a0u re\u017eiji Ksenije Zec i Sa\u0161e Bo\u017ei\u0107a<\/p>\n<h1 class=\"wp-block-heading\">2019 \/ 2020<\/h1>\n<p><b>6. FEDU, Sarajevo<\/b><\/p>\n<p><strong>Nagrada za najbolju scenografiju i vizualni dojam<\/strong>\u00a0Leo Vukeli\u0107 za predstavu\u00a0<strong>\u201cKAO VODA\u201d<\/strong>\u00a0u izvedbi Kazali\u0161ne dru\u017eine Pinklec \u010cakovec u koprodukciji s HNK u Vara\u017edinu<\/p>\n<p><b>6. FEDU, Sarajevo<\/b><\/p>\n<p><strong>Najja\u010di aplauz \u2013 nagrada publike za predstavu<\/strong>\u00a0<strong>\u201cVUKA SE NE BOJIM JA\u201d<\/strong>\u00a0u izvedbi Kazali\u0161ne dru\u017eine Pinklec \u010cakovec<\/p>\n<p><b>6. FEDU, Sarajevo<\/b><\/p>\n<p><strong>Nagrada za najbolji tekst ili adaptaciju<\/strong>\u00a0Tanja Novak za predstavu\u00a0<strong>\u201cVUKA SE NE BOJIM JA\u201d<\/strong>\u00a0u izvedbi Kazali\u0161ne dru\u017eine Pinklec \u010cakovec<\/p>\n<p><b>20. Naj, naj, naj festival \u201c\u017dar Ptica\u201d, Zagreb<\/b><\/p>\n<p><strong>Nagrada za najbolju predstavu u cjelini<\/strong>\u00a0\u201c<strong>VUKA SE NE BOJIM JA\u201d<\/strong>\u00a0u izvedbi Kazali\u0161ne dru\u017eine Pinklec \u010cakovec<\/p>\n<p><strong>22. Susret profesionalnih kazali\u0161ta za djecu i mlade Assitej, \u010cakovec<\/strong><\/p>\n<p><strong>Nagrada za kostimografiju<\/strong>, Zdravka Ivandija Kirigin\u00a0za predstavu\u00a0<strong>\u201dKRPIMIRCI\u201d<\/strong>\u00a0u izvedbi Kazali\u0161ne dru\u017eine Pinklec u koprodukciji s GKL Rijeka<\/p>\n<h1 class=\"wp-block-heading\">2018 \/ 2019<strong><br \/>\n<\/strong><\/h1>\n<p><strong>Specijalna nagrada stru\u010dnog \u017eirija \u201cDobro drvo\u201d za vizualni identitet<\/strong>\u00a0za predstavu<strong>\u00a0\u201cS RAZLOGOM\u201d<\/strong>\u00a0u izvedbi Kazali\u0161ne dru\u017eine Pinklec i LOFT (\u010cakovec\/Zagreb, Hrvatska) u re\u017eiji Morane Dolenc<\/p>\n<p><strong>15. Dje\u010dji kazali\u0161ni festival Pozori\u0161te Zvezdari\u0161te, Beograd<\/strong><\/p>\n<p><strong>Prva nagrada dje\u010djeg \u017eirija<\/strong>\u00a0za predstavu\u00a0<strong>\u201cS RAZLOGOM\u201d<\/strong>\u00a0u izvedbi Kazali\u0161ne dru\u017eine Pinklec u koprodukciji s LOFT Zagreb, a u re\u017eiji Morane Dolenc<\/p>\n<p><strong>21. Susret profesionalnih kazali\u0161ta za djecu i mlade Assitej, \u010cakovec<\/strong><\/p>\n<p><strong>Nagrada za re\u017eiju<\/strong>,\u00a0Romano Bogdan\u00a0za predstavu\u00a0<strong>\u201dDO VI\u0110ENJA\u201d<\/strong>\u00a0u izvedbi Kazali\u0161ne dru\u017eine Pinklec<\/p>\n<h1 class=\"wp-block-heading\">2017 \/ 2018<\/h1>\n<p><b>11. Festival hrvatske drame za djecu i mlade \u201dMali Maruli\u0107\u201d, Split<\/b><\/p>\n<p>Nagrada za re\u017eiju<b>\u00a0Anica Tomi\u0107<\/b>\u00a0za predstavu PREKO SEDAM MORA, PREKO SEDAM GORA u izvedbi Kazali\u0161ne dru\u017eine Pinklec<\/p>\n<p>Nagrada za najbolji tekst<b>\u00a0Tanja Novak<\/b>\u00a0za predstavu PU\u017d MU\u017d u izvedbi Kazali\u0161ne dru\u017eine Pinklec u re\u017eiji Romana Bogdana<\/p>\n<p>Nagrada za najbolje kolektivno gluma\u010dko ostvarenje ansambl predstave PU\u017d MU\u017d (<b>Igor Baksa<\/b>,\u00a0<b>Davor Dokleja<\/b>,\u00a0<b>Mario Jak\u0161i\u0107<\/b>\u00a0i\u00a0<b>Bruno Kontrec<\/b>).<\/p>\n<p><b>18. Naj, naj, naj festival \u201c\u017dar Ptica\u201d, Zagreb<\/b><\/p>\n<p>Nagrada za promicanje neverbalnog kazali\u0161nog izraza\u00a0<b>Morana Dolenc<\/b>\u00a0za predstavu S RAZLOGOM u izvedbi Kazali\u0161ne dru\u017eine Pinklec \u010cakovec i LOFT-a.<\/p>\n<p><b>20. Susret profesionalnih kazali\u0161ta za djecu i mlade Assitej, \u010cakovec<\/b><\/p>\n<p>Nagrada za najbolju predstavu u cjelini S RAZLOGOM u izvedbi Kazali\u0161ne dru\u017eine Pinklec u koprodukciji s LOFT-om iz Zagreba u re\u017eiji\u00a0<b>Morane Dolenc<\/b><\/p>\n<p>Nagrada za re\u017eiju\u00a0<b>Morana Dolenc<\/b>\u00a0za predstavu S RAZLOGOM u izvedbi Kazali\u0161ne dru\u017eine Pinklec u koprodukciji s LOFT-om iz Zagreba u re\u017eiji\u00a0<b>Morane Dolenc<\/b><\/p>\n<p>Nagrada za izvedbeni tekst autorski tim predstave S RAZLOGOM u izvedbi Kazali\u0161ne dru\u017eine Pinklec u koprodukciji s LOFT-om iz Zagreba u re\u017eiji\u00a0<b>Morane Dolenc<\/b><\/p>\n<p>Nagrada za re\u017eiju<b>, Anica Tomi\u0107<\/b>\u00a0za predstavu PREKO SEDAM MORA, PREKO SEDAM GORA u izvedbi Kazali\u0161ne dru\u017eine Pinklec<\/p>\n<p>Nagrada za dramaturgiju\u00a0<b>Jelena Kova\u010di\u0107<\/b>\u00a0za predstavu PREKO SEDAM MORA, PREKO SEDAM GORA u izvedbi Kazali\u0161ne dru\u017eine Pinklec<\/p>\n<p>Nagrada za kolektivno gluma\u010dko ostvarenje ansambl predstave PREKO SEDAM MORA, PREKO SEDAM GORA\u00a0<b>(Karolina Horvat, Tena Antonija Torjanac, Igor Baksa, Bruno Kontrec, Mario Jak\u0161i\u0107 i Davor Dokleja)<\/b>\u00a0u izvedbi Kazali\u0161ne dru\u017eine Pinklec<\/p>\n<h1 class=\"wp-block-heading\">2016 \/ 2017<\/h1>\n<p><b>28. Me\u0111unarodni lutkarski festival Poletni lutkovni pristan, Maribor \u2013 Slovenija<\/b><\/p>\n<p>Nagrada dje\u010djeg \u017eirija \u201c25 zlatih zvezdic\u201d za S RAZLOGOM u izvedbi Kazali\u0161ne dru\u017eine Pinklec u koprodukciji s LOFT-om iz Zagreba u re\u017eiji\u00a0<b>Morane Dolenc<\/b><\/p>\n<p><b>SLUK, Zadar<\/b><\/p>\n<p>Nagrada za najbolju kostimografiju<b>\u00a0Dunja Vukovi\u0107<\/b>\u00a0za predstavu S RAZLOGOM u izvedbi Kazali\u0161ne dru\u017eine Pinklec u koprodukciji s LOFT-om iz Zagreba u re\u017eiji\u00a0<b>Morane Dolenc<\/b><\/p>\n<p>Nagrada za najbolju glumu\/animaciju\u00a0<b>Mario Jak\u0161i\u0107<\/b>,\u00a0<b>Bruno Kontrec<\/b>\u00a0i\u00a0<b>Petar Atanasoski<\/b>\u00a0za predstavu S RAZLOGOM u izvedbi Kazali\u0161ne dru\u017eine Pinklec u koprodukciji s LOFT-om iz Zagreba u re\u017eiji\u00a0<b>Morane Dolenc<\/b><\/p>\n<p><b>17. Naj, naj, naj festival, Zagreb<\/b><\/p>\n<p>Nagrada za najbolju \u017eensku ulogu<b>\u00a0Dunja Fajdi\u0107<\/b>\u00a0za predstavu POLA-POLA u izvedbi Kazali\u0161ne dru\u017eine Pinklec iz \u010cakovca u koprodukciji s Teatrom Poco loco u re\u017eiji\u00a0<b>Renate Carole Gatice<\/b><\/p>\n<p>Nagrada za najbolju sporednu \u017eensku ulogu\u00a0<b>Maja Kati\u0107<\/b>\u00a0za predstavu POLA-POLA u izvedbi Kazali\u0161ne dru\u017eine Pinklec iz \u010cakovca u koprodukciji s Teatrom Poco loco u re\u017eiji\u00a0<b>Renate Carole Gatice<\/b><\/p>\n<p>Nagrada za najbolji tekst<b>\u00a0Milena Bogavac<\/b>\u00a0za predstavu POLA-POLA u izvedbi Kazali\u0161ne dru\u017eine Pinklec iz \u010cakovca u koprodukciji s Teatrom Poco loco u re\u017eiji\u00a0<b>Renate Carole Gatice<\/b><\/p>\n<h1 class=\"wp-block-heading\">2015 \/ 2016<\/h1>\n<p><b>Glumi\u0161te pod murvom, Skradin<\/b><\/p>\n<p>Mala Murva za najbolju predstavu za djecu BREMENSKI SVIRA\u010cI u izvedbi Kazali\u0161ne dru\u017eine Pinklec iz \u010cakovca i re\u017eiji\u00a0<b>Romana Bogdana<\/b><\/p>\n<p>Mala Murva za najbolje gluma\u010dko ostvarenje\u00a0<b>Igor Baksa<\/b>\u00a0u predstavi BREMENSKI SVIRA\u010cI u izvedbi Kazali\u0161ne dru\u017eine Pinklec iz \u010cakovca i re\u017eiji\u00a0<b>Romana Bogdana<\/b><\/p>\n<p><b>19.<\/b>\u00a0<strong>Kotorski<\/strong><b>\u00a0festival pozori\u0161ta za djecu, Kotor \u2013 Crna Gora<\/b><\/p>\n<p>Prva nagrada dje\u010djeg \u017eirija POLA-POLA u izvedbi Kazali\u0161ne dru\u017eine Pinklec iz \u010cakovca i re\u017eiji\u00a0<b>Renate Carole Gatica<\/b><\/p>\n<p><b>18. Susret profesionalno vo\u0111enih kazali\u0161ta za djecu i mlade Assitej, Bjelovar<\/b><\/p>\n<p>Nagrada \u201cZvjezdana Ladika\u201d za najbolje dramsko-pedago\u0161ko vodstvo\u00a0<b>Davor Dokleja<\/b>\u00a0za predstavu ZOO! Dramskog studija Dada Kazali\u0161ne dru\u017eine Pinklec<\/p>\n<p><b>18. Susret profesionalnih kazali\u0161ta za djecu i mlade Assitej, \u010cakovec<\/b><\/p>\n<p>Nagrada za najbolju predstavu u cjelini BREMENSKI SVIRA\u010cI u izvedbi Kazali\u0161ne dru\u017eine Pinklec iz \u010cakovca i re\u017eiji\u00a0<b>Romana Bogdana<\/b><\/p>\n<h1 class=\"wp-block-heading\">2014 \/ 2015<\/h1>\n<p><b>10. PATOSOFFIRANJE, Smederevo \u2013 Srbija<\/b><\/p>\n<p>Nagrada publike za najbolju predstavu KLUPICA u izvedbi Kazali\u0161ne dru\u017eine Pinklec iz \u010cakovca i re\u017eiji\u00a0<b>Marija Kova\u010da<\/b><\/p>\n<p><b>20. Festival ekolo\u0161kog pozori\u0161ta, Ba\u010dka Palanka \u2013 Srbija<\/b><\/p>\n<p>Nagrada stru\u010dnog \u017eirija za najbolju predstavu festivala PTI\u010cICA u izvedbi Kazali\u0161ne dru\u017eine Pinklec iz \u010cakovca i re\u017eiji\u00a0<b>Romana Bogdana<\/b><\/p>\n<h1 class=\"wp-block-heading\">2013 \/ 2014<\/h1>\n<p><b>16. Susret profesionalnih kazali\u0161ta za djecu i mlade Assitej, \u010cakovec<\/b><\/p>\n<p>Najbolje gluma\u010dko ostvarenje\u00a0<b>Karolina Horvat<\/b>\u00a0u predstavi SNJEGULJICA MORA UMRIJETI u izvedbi Kazali\u0161ne dru\u017eine Pinklec iz \u010cakovca i Dje\u010dje i lutkarske scene HNK u Vara\u017edinu<\/p>\n<p>Najbolja scenska glazba\u00a0<b>Hrvoje Radni\u0107<\/b>\u00a0za predstavu KU\u0106NI DUHOVI ILI NEVIDLJIVI RECEPT ZA SRE\u0106U u izvedbi Dje\u010djeg kazali\u0161ta Dubrava iz Zagreba i Kazali\u0161ne dru\u017eina Pinklec iz \u010cakovca<\/p>\n<h1 class=\"wp-block-heading\">2012 \/ 2013<\/h1>\n<p><b>24. Me\u0111unarodni lutkarski festival Poletni lutkovni pristan, Maribor \u2013 Slovenija<\/b><\/p>\n<p>Nagrada dje\u010djeg \u017eirija \u201c25 zlatih zvezdic\u201d A TKO SI TI? u izvedbi Kazali\u0161ne dru\u017eine Pinklec iz \u010cakovca u re\u017eiji\u00a0<b>Romana Bogdana<\/b><\/p>\n<p><b>24. SLUK \u2013 Susret lutkara i lutkarskih kazali\u0161ta Hrvatske, Osijek<\/b><\/p>\n<p>Nagrada za najbolju animaciju<b>\u00a0Karolina Horvat<\/b>\u00a0u predstavi A TKO SI TI? u re\u017eiji\u00a0<b>Romana Bogdana<\/b>\u00a0Kazali\u0161ne dru\u017eine Pinklec iz \u010cakovca.<\/p>\n<h1 class=\"wp-block-heading\">2011 \/ 2012<\/h1>\n<p><b>14. Susret profesionalnih kazali\u0161ta za djecu i mlade Hrvatskog centra Assitej, \u010cakovec<\/b><\/p>\n<p>Nagrada za najbolju re\u017eiju\u00a0<b>Oliver Frlji\u0107<\/b>\u00a0za predstavu MATILDA Kazali\u0161ne dru\u017eine Pinklec iz \u010cakovca i Dje\u010djeg kazali\u0161ta Dubrava iz Zagreba.<\/p>\n<p>Nagrada za gluma\u010dko ostvarenje\u00a0<b>Marija Kolb<\/b>\u00a0u predstavi MATILDA Kazali\u0161ne dru\u017eine Pinklec iz \u010cakovca i Dje\u010djeg kazali\u0161ta Dubrava iz Zagreba<\/p>\n<p>Nagrada za gluma\u010dko ostvarenje\u00a0<b>Bruno Kontrec<\/b>\u00a0u predstavi MATILDA Kazali\u0161ne dru\u017eine Pinklec iz \u010cakovca i Dje\u010djeg kazali\u0161ta Dubrava iz Zagreba<\/p>\n<h1 class=\"wp-block-heading\">2010 \/ 2011<\/h1>\n<p><b>Festival Zvezdari\u0161te Pozori\u0161te, Beograd \u2013 Srbija<\/b><\/p>\n<p>1.nagrada dje\u010djeg \u017eirija za najbolju predstavu MATILDA u izvedbi \u00a0Kazali\u0161ne dru\u017eine Pinklec i Dje\u010djeg kazali\u0161ta Dubrava<\/p>\n<p>Nagrada stru\u010dnog \u017eirija za najbolju re\u017eiju\u00a0<b>Oliver Frlji\u0107<\/b>\u00a0za predstavu MATILDA u izvedbi \u00a0Kazali\u0161ne dru\u017eine Pinklec i Dje\u010djeg kazali\u0161ta Dubrava<\/p>\n<p><b>Nagrada hrvatskog glumi\u0161ta, Zagreb 2010.<\/b><\/p>\n<p>Za najbolju lutkarsku predstavu ili predstavu za djecu i mlade\u017e DJE\u010cAK IVEK I PAS CVILEK u izvedbi Kazali\u0161ne dru\u017eine Pinklec iz \u010cakovca u koprodukciji s Dje\u010djom i lutkarskom scenom HNK u Vara\u017edinu u re\u017eiji\u00a0<b>Anice Tomi\u0107<\/b><\/p>\n<p><b>13. Susret profesionalnih kazali\u0161ta za djecu i mlade Hrvatskog centra Assitej, \u010cakovec<\/b><\/p>\n<p>Nagrada za najbolju predstavu DJE\u010cAK IVEK I PAS CVILEK u izvedbi Kazali\u0161ne dru\u017eine Pinklec iz \u010cakovca i Dje\u010dje lutkarske scene HNK Vara\u017edin u re\u017eiji\u00a0<b>Anice Tomi\u0107<\/b><\/p>\n<p>Nagrada za gluma\u010dko ostvarenje\u00a0<b>Mario Jak\u0161i\u0107<\/b>\u00a0u predstavi DJE\u010cAK IVEK I PAS CVILEK u izvedbi Kazali\u0161ne dru\u017eine Pinklec iz \u010cakovca i Dje\u010dje lutkarske scene HNK Vara\u017edin.<\/p>\n<p>Nagrada za gluma\u010dko ostvarenje\u00a0<b>Jelena Dokleja<\/b>\u00a0u predstavi DJE\u010cAK IVEK I PAS CVILEK u izvedbi Kazali\u0161ne dru\u017eine Pinklec iz \u010cakovca i Dje\u010dje lutkarske scene HNK Vara\u017edin.<\/p>\n<p>Nagrada za najbolju re\u017eiju\u00a0<b>Anica Tomi\u0107<\/b>\u00a0za predstavu DJE\u010cAK IVEK I PAS CVILEK u izvedbi Kazali\u0161ne dru\u017eine Pinklec iz \u010cakovca i Dje\u010dje lutkarske scene HNK Vara\u017edin.<\/p>\n<p>Nagrada za najbolju scensku glazbu\u00a0<b>Igor Baksa<\/b>\u00a0i instrumentalni sastav TRAGEDIJA za predstavu MALI \u010cAROBNJAK u izvedbi Kazali\u0161ne dru\u017eine Pinklec iz \u010cakovca i re\u017eiji\u00a0<b>Romana Bogdana<\/b>.<\/p>\n<p><b>3. festival hrvatske drame za djecu Mali Maruli\u0107, Split<\/b><\/p>\n<p>Najbolja re\u017eija\u00a0<b>Anici Tomi\u0107<\/b>\u00a0za predstavu DJE\u010cAK IVEK I PAS CVILEK u izvedbi Kazali\u0161ne dru\u017eine Pinklec iz \u010cakovca i Dje\u010dje lutkarske scene HNK Vara\u017edin.<\/p>\n<h1 class=\"wp-block-heading\">2009 \/ 2010<\/h1>\n<ol class=\"wp-block-list\" start=\"12\">\n<li><b>Susret profesionalnih kazali\u0161ta za djecu i mlade Hrvatskog centra Assitej, \u010cakovec<\/b><\/li>\n<\/ol>\n<p>Posebna nagrada \u017eirija za promi\u0161ljenu naivnost igre dodjeljuje se Kazali\u0161noj dru\u017eini Pinklec iz \u010cakovca za predstavu VATROSLAV GROM u re\u017eiji\u00a0<b>Romana Bogdana<\/b>[\/vc_column_text][\/vc_column][\/vc_row]\n<\/div>","protected":false},"excerpt":{"rendered":"<p>[vc_row][vc_column][vc_custom_heading text=&#8221;Nagrade&#8221; font_container=&#8221;tag:h1|text_align:left&#8221; css=&#8221;&#8221;][\/vc_column][\/vc_row][vc_row][vc_column][vc_column_text css=&#8221;&#8221;] 2022\/2023 &nbsp; 2021\/2022 24. susret profesionalnih kazali\u0161ta za djecu i mlade HC Assitej, \u010cakovec Najbolja scenska glazba\u00a0\u2013 Bojan Miljan\u010di\u0107, za scensku glazbu u predstavi \u201ePlavo sunce na \u017eutom nebu\u201c Kazali\u0161ne dru\u017eine Pinklec, \u010cakovec Najbolje oblikovanje svjetla\u00a0\u2013 Neven Taradi, za oblikovanje svjetla u predstavi \u201ePlavo sunce na \u017eutom nebu\u201c Kazali\u0161ne dru\u017eine Pinklec, \u010cakovec Nagrada za kolektivnu [&hellip;]<\/p>\n","protected":false},"author":2,"featured_media":0,"parent":0,"menu_order":0,"comment_status":"closed","ping_status":"closed","template":"","meta":{"inline_featured_image":false,"footnotes":""},"class_list":["post-48429","page","type-page","status-publish","hentry"],"ulaznica_data":null,"_links":{"self":[{"href":"https:\/\/czk-cakovec.hr\/saturn\/wp-json\/wp\/v2\/pages\/48429","targetHints":{"allow":["GET"]}}],"collection":[{"href":"https:\/\/czk-cakovec.hr\/saturn\/wp-json\/wp\/v2\/pages"}],"about":[{"href":"https:\/\/czk-cakovec.hr\/saturn\/wp-json\/wp\/v2\/types\/page"}],"author":[{"embeddable":true,"href":"https:\/\/czk-cakovec.hr\/saturn\/wp-json\/wp\/v2\/users\/2"}],"replies":[{"embeddable":true,"href":"https:\/\/czk-cakovec.hr\/saturn\/wp-json\/wp\/v2\/comments?post=48429"}],"version-history":[{"count":3,"href":"https:\/\/czk-cakovec.hr\/saturn\/wp-json\/wp\/v2\/pages\/48429\/revisions"}],"predecessor-version":[{"id":48432,"href":"https:\/\/czk-cakovec.hr\/saturn\/wp-json\/wp\/v2\/pages\/48429\/revisions\/48432"}],"wp:attachment":[{"href":"https:\/\/czk-cakovec.hr\/saturn\/wp-json\/wp\/v2\/media?parent=48429"}],"curies":[{"name":"wp","href":"https:\/\/api.w.org\/{rel}","templated":true}]}}