{"id":48692,"date":"2025-12-23T08:51:53","date_gmt":"2025-12-23T07:51:53","guid":{"rendered":"https:\/\/czk-cakovec.hr\/?page_id=48692"},"modified":"2025-12-23T08:52:24","modified_gmt":"2025-12-23T07:52:24","slug":"ja-ne-pricam","status":"publish","type":"page","link":"https:\/\/czk-cakovec.hr\/saturn\/ja-ne-pricam\/","title":{"rendered":"Ja ne pricam"},"content":{"rendered":"<div class=\"wpb-content-wrapper\">[vc_row][vc_column][vc_custom_heading text=&#8221;JA (NE) PRI\u010cAM (2022)&#8221; font_container=&#8221;tag:h1|text_align:center&#8221; css=&#8221;&#8221;][vc_column_text css=&#8221;&#8221;]\n<p style=\"text-align: center;\">29. studenoga. 2022<\/p>\n[\/vc_column_text][\/vc_column][\/vc_row][vc_row][vc_column][vc_column_text css=&#8221;&#8221;]Premijera: 27. Studenog 2022.<\/p>\n<p><strong>Redatelj:<\/strong>\u00a0Romano Bogdan<br \/>\n<strong>Tekst i dramaturgija:\u00a0<\/strong>Ivona Marciu\u0161<br \/>\n<strong>Scenografija i lutke:<\/strong>\u00a0Mario Jak\u0161i\u0107<br \/>\n<strong>Glazba:\u00a0<\/strong>Bojan Miljan\u010di\u0107<\/p>\n<p><strong>Igraju:<\/strong><\/p>\n<p>Aleksandar Filo<br \/>\nEna Jagec<br \/>\nDavor Dokleja<\/p>\n<p>Usamljeni dje\u010dak Luka hoda ulicom, \u0161etaju\u0107i svog psa, jer nitko od prijatelja iz razreda koje je pozvao nije do\u0161ao na njegov ro\u0111endan. Luka je jako povu\u010den i ne zna kako da stvori nove prijatelje i razgovara s njima. Svi mu se smiju jer uvijek samo \u0161uti, a i ako ka\u017ee ne\u0161to, to bude potpuno krivo ili blesavo. Njegov jedini prijatelj je pas kojemu pri\u010da sve \u0161to mu se doga\u0111a i \u0161to ga mu\u010di- najvi\u0161e to \u0161to ne zna kako bi komunicirao s vr\u0161njacima, tu\u017ean \u0161to mu pas ne mo\u017ee odgovoriti i pri\u010dati s njim. Odjednom, pas ga povu\u010de u jednu napu\u0161tenu ku\u0107u. Dje\u010dak se ne mo\u017ee oduprijeti i ulazi u ku\u0107u u kojoj se nalaze ma\u010dka i pas, prijatelji njegovog psa. Tada njegov pas progovori i dru\u017eina ga do\u010deka kao svog najboljeg prijatelja. Tu po\u010dinje pri\u010da o njihovom prijateljstvu u kojem ga \u017eivotinjska dru\u017eina u\u010di kako da se pribli\u017ei svojim vr\u0161njacima.<\/p>\n<p>Kroz lutkarsko-igrane etide, stvorit \u0107emo pri\u010du o neprilago\u0111enom, povu\u010denom dje\u010daku kojeg \u0107e dvije ma\u010dke i jedan pas nau\u010diti kako da prije\u0111e svoj strah od pri\u010danja i stekne prijatelje. Spoj komi\u010dnog i ozbiljnog, realnog i imaginarnog, spojit \u0107e se u suigri glumaca i lutkarskih elemenata, obra\u0107aju\u0107i se djeci kroz igru u \u010dijoj sr\u017ei se nalazi va\u017ena poruka o odrastanju, prihva\u0107anju i prijateljstvu.<\/p>\n<p><strong>Trajanje:\u00a0<\/strong>40 min<br \/>\n<strong>Uzrast:<\/strong>\u00a04+ (pred\u0161kolci i ni\u017ei razredi osnovne \u0161kole[\/vc_column_text][\/vc_column][\/vc_row][vc_row][vc_column][vc_video link=&#8221;https:\/\/youtu.be\/yAi0HerRgc0&#8243; el_width=&#8221;50&#8243; align=&#8221;center&#8221; css=&#8221;&#8221;][\/vc_column][\/vc_row][vc_row][vc_column][vc_gallery type=&#8221;image_grid&#8221; images=&#8221;48694,48695,48696,48697,48698,48699,48700,48701,48702,48703,48704,48705,48706,48707,48708,48709,48710,48711,48712,48713,48714,48715&#8243; img_size=&#8221;medium&#8221; css=&#8221;&#8221;][\/vc_column][\/vc_row]\n<\/div>","protected":false},"excerpt":{"rendered":"<p>[vc_row][vc_column][vc_custom_heading text=&#8221;JA (NE) PRI\u010cAM (2022)&#8221; font_container=&#8221;tag:h1|text_align:center&#8221; css=&#8221;&#8221;][vc_column_text css=&#8221;&#8221;] 29. studenoga. 2022 [\/vc_column_text][\/vc_column][\/vc_row][vc_row][vc_column][vc_column_text css=&#8221;&#8221;]Premijera: 27. Studenog 2022. Redatelj:\u00a0Romano Bogdan Tekst i dramaturgija:\u00a0Ivona Marciu\u0161 Scenografija i lutke:\u00a0Mario Jak\u0161i\u0107 Glazba:\u00a0Bojan Miljan\u010di\u0107 Igraju: Aleksandar Filo Ena Jagec Davor Dokleja Usamljeni dje\u010dak Luka hoda ulicom, \u0161etaju\u0107i svog psa, jer nitko od prijatelja iz razreda koje je pozvao nije do\u0161ao na njegov ro\u0111endan. Luka je jako [&hellip;]<\/p>\n","protected":false},"author":2,"featured_media":0,"parent":0,"menu_order":0,"comment_status":"closed","ping_status":"closed","template":"","meta":{"inline_featured_image":false,"footnotes":""},"class_list":["post-48692","page","type-page","status-publish","hentry"],"ulaznica_data":null,"_links":{"self":[{"href":"https:\/\/czk-cakovec.hr\/saturn\/wp-json\/wp\/v2\/pages\/48692","targetHints":{"allow":["GET"]}}],"collection":[{"href":"https:\/\/czk-cakovec.hr\/saturn\/wp-json\/wp\/v2\/pages"}],"about":[{"href":"https:\/\/czk-cakovec.hr\/saturn\/wp-json\/wp\/v2\/types\/page"}],"author":[{"embeddable":true,"href":"https:\/\/czk-cakovec.hr\/saturn\/wp-json\/wp\/v2\/users\/2"}],"replies":[{"embeddable":true,"href":"https:\/\/czk-cakovec.hr\/saturn\/wp-json\/wp\/v2\/comments?post=48692"}],"version-history":[{"count":3,"href":"https:\/\/czk-cakovec.hr\/saturn\/wp-json\/wp\/v2\/pages\/48692\/revisions"}],"predecessor-version":[{"id":48718,"href":"https:\/\/czk-cakovec.hr\/saturn\/wp-json\/wp\/v2\/pages\/48692\/revisions\/48718"}],"wp:attachment":[{"href":"https:\/\/czk-cakovec.hr\/saturn\/wp-json\/wp\/v2\/media?parent=48692"}],"curies":[{"name":"wp","href":"https:\/\/api.w.org\/{rel}","templated":true}]}}