{"id":48720,"date":"2025-12-23T09:06:56","date_gmt":"2025-12-23T08:06:56","guid":{"rendered":"https:\/\/czk-cakovec.hr\/?page_id=48720"},"modified":"2025-12-23T09:07:23","modified_gmt":"2025-12-23T08:07:23","slug":"drvljaci","status":"publish","type":"page","link":"https:\/\/czk-cakovec.hr\/saturn\/drvljaci\/","title":{"rendered":"Drvljaci"},"content":{"rendered":"<div class=\"wpb-content-wrapper\">[vc_row equal_height=&#8221;yes&#8221; content_placement=&#8221;middle&#8221;][vc_column width=&#8221;1\/3&#8243;][vc_single_image image=&#8221;48447&#8243; img_size=&#8221;large&#8221; alignment=&#8221;center&#8221; css=&#8221;&#8221;][\/vc_column][vc_column width=&#8221;2\/3&#8243;][vc_custom_heading text=&#8221;Drvljaci (2022)&#8221; css=&#8221;&#8221;][vc_column_text css=&#8221;&#8221;]28. listpada 2022.[\/vc_column_text][\/vc_column][\/vc_row][vc_row][vc_column][vc_column_text css=&#8221;&#8221;]Vanja Jovanovi\u0107 i Patrik Gregurec<\/p>\n<p>Djetetu je najprije potrebna briga i njega. Zatim se javlja potreba za pri\u010dom. Potreba za pri\u010dom ostaje do kraja \u010dovjekova \u017eivota. Putem pri\u010danja pri\u010da se razumijemo, u\u010dimo, spoznajemo sre\u0107u i podnosimo nesre\u0107u. Pri\u010de nam omogu\u0107uju da iza\u0111emo iz svojih okvira i sagledamo na\u0161 \u017eivot iz drugog kuta. Jedna od tih pri\u010da je pri\u010da o Drvljacima, malim bi\u0107ima koja \u017eive na, naravno \u2013 drvetu, odnosno stablu. Pri\u010du o Drvljacima sigurno jo\u0161 niste \u010duli, a prvi je put slu\u0161a i jedan Sin jednog Oca. Taj Sin i taj Otac nalaze se u jednom kazali\u0161tu, to\u010dnije u skladi\u0161tu za kostime, jo\u0161 to\u010dnije \u2013 u bunkeru.<\/p>\n<p>Najpoznatija pripovjeda\u010dica na svijetu je \u0160eherezada, koja u starom tekstu\u00a0<em>Tisu\u0107u i jedna no\u0107<\/em>, iz doba kada su se godine brojale u samo tri znamenke, upravo pri\u010dama koje pri\u010da zlom i okrutnom kralju poku\u0161ava spasiti cijelu \u017eensku populaciju mjesta u kojem \u017eivi \u2013 i uspijeva. Time je dokazano da dobra pri\u010da spa\u0161ava \u017eivote. Na\u0161 lik Otac, u maniri pripovjeda\u010dice \u0160eherezade, pripovijeda Sinu pri\u010du o Drvljacima ne bi li mu smetnuo s uma nadolaze\u0107u \u017eivotnu opasnost. Ho\u0107e li Otac, kao i \u0160eherezada, uspjeti u svojoj namjeri da spasi Sina pri\u010dom? Ho\u0107e li Otac Sinu uspjeti smetnuti s uma nezamislivo stanje, ratno stanje u kojem se nalaze? Ho\u0107e li \u010dak i u takvom okru\u017eenju uspjeti objasniti va\u017enost pacifizma u suprotnosti s nasiljem? I, je li pacifizam uvijek pravi izbor?<\/p>\n<p>\u0160eherezada je u svojem pripovijedanju uspjela spasiti \u017eivote, ali se za svoj uspjeh mu\u010dila tisu\u0107u i jednu no\u0107 i dan \u2013 a na\u0161 Otac nema toliko vremena \u2013 on za svoju pri\u010du ima samo jednu malu no\u0107, toplu i stra\u0161nu.<\/p>\n<p><strong>Autori teksta:<\/strong>\u00a0Vanja Jovanovi\u0107 i Patrik Gregurec<br \/>\n<strong>Redatelj:<\/strong>\u00a0Vanja Jovanovi\u0107<br \/>\n<strong>Dramaturg:\u00a0<\/strong>Patrik Gregurec<br \/>\n<strong>Likovnost predstave<\/strong>: Alena Pavlovi\u0107<br \/>\n<strong>Oblikovanje svjetla:<\/strong>\u00a0Vanja Jovanovi\u0107<br \/>\n<strong>Autor glazbe:\u00a0<\/strong>\u0160imun Mati\u0161i\u0107<\/p>\n<p><strong>Igraju:<\/strong><\/p>\n<p>Karolina Horvat \/ Ena Jagec<br \/>\nMario Jak\u0161i\u0107<br \/>\nDavor Dokleja<br \/>\nBruno Kontrec<\/p>\n<p><strong>Uzrast:<\/strong>\u00a011+ (vi\u0161i razredi osnovne \u0161kole i srednjo\u0161kolci)<br \/>\n<strong>Trajanje:\u00a0<\/strong>50 min<\/p>\n<p>Praizvedba 5.11. 2022. u 16h u Centru za kulturu \u010cakovec<br \/>\nSve\u010dana premijera 6.11. 2022. u 16h u Centru za kulturu \u010cakovec<\/p>\n<p><strong>OSVRT na izvedbu 14.11. 2022. u Centru za kulturu \u010cakovec<\/strong><br \/>\nKazali\u0161na predstava\u00a0<strong>Drvljaci<\/strong>\u00a0vje\u0161tim pripovijedanjem vodi nas kroz potresnu ratnu pri\u010du te nas nenametljivo uvla\u010di u \u017eivotnu situaciju i odnose me\u0111u likovima, \u010demu zna\u010dajno pridonosi stilizirana scenografija i domi\u0161ljata \u201elutkarska\u201c dogradnja, koju pri\u010daju odjevni predmeti u garderobi kazali\u0161ta. Zanimljiva dramatur\u0161ka konstrukcija, intrigantna, a ipak jasna i djeci osnovno\u0161kolskoga uzrasta zahvaljuju\u0107i precizno vo\u0111enoj pripovjednoj niti, koja mobilizira pa\u017enju i kognitivne resurse gledatelja i sudionika ovoga kreativnoga kazali\u0161nog procesa. Mala gluma\u010dka ekipa pri\u010da nam pri\u010du o \u017eivotu dje\u010daka i njegovoga oca garderobijera koji se skrivaju u podrumu kazali\u0161ta dok im se neprijateljska vojska sve vi\u0161e pribli\u017eava, a unutar te pri\u010de slu\u0161amo bajkovitu pri\u010du o Drvljacima koju Otac pri\u010da svome Sinu kako bi ga umirio i za\u0161titio, kako bi stvorio osje\u0107aj sigurnosti i igre daleko od rata.<br \/>\nPredstava dobro balansira zabavne i ozbiljne poruke, dinami\u010dna je i informativna, bez nametanja zaklju\u010daka i moraliziranja, s dobro interpoliranim momentima ti\u0161ine koji omogu\u0107avaju emocionalnu proradu i tematske prijelaze. Gledateljima je ostavljena mogu\u0107nost da sami, ve\u0107 prema \u017eivotnoj dobi i iskustvu modificiraju ili u\u010dvrste svoj do\u017eivljaj i razumijevanje kompleksne pojave kao \u0161to je rat, pri \u010demu se ne mogu izbje\u0107i neugodne i slo\u017eene emocije i konkurentne kontekstualne informacije koje mogu biti zbunjuju\u0107e i frustriraju\u0107e, naro\u010dito za mla\u0111u djecu.<br \/>\nZato je za svaku pohvalu to \u0161to postoji pri\u010da nakon pri\u010de, razgovor glumaca s djecom, koji omogu\u0107ava razmjenu i proradu do\u017eivljaja predstave. Djeca ostaju zate\u010dena krajem u kojem se ne zna \u0161to se dogodilo i to otvara vrata za nastavak razgovora. Nakon predstave\u00a0<strong>Drvljaci<\/strong>\u00a0djeca u publici pri\u010daju jo\u0161 jednu pri\u010du, svoju pri\u010du o vi\u0111enome i ta \u0107e pri\u010da sa svakom izvedbom predstave ovisiti o njenim mladim akterima, a jo\u0161 vi\u0161e o spremnosti glumaca da ih saslu\u0161aju te prona\u0111u za njih rije\u010di podr\u0161ke i razumijevanja. Interaktivna kazali\u0161na forma u vremenu prevladavaju\u0107ih jednosmjernih digitalnih komunikacija pun je pogodak, jer znamo da je za cjelovit psihi\u010dki razvoj djeteta dvosmjerna komunikacija od neizmjerne va\u017enosti.<br \/>\nPredstava\u00a0<strong>Drvljaci<\/strong>\u00a0prekrasno je ispri\u010dana pri\u010da u pri\u010di i pri\u010da nakon pri\u010de, koja na svoj na\u010din progovara o va\u017enosti pri\u010danja pri\u010da koje nas tje\u0161e, ohrabruju i njeguju, koje poma\u017eu da se nosimo s te\u0161kim iskustvima. Zato ovu predstavu od srca preporu\u010dam svim osnovnim i srednjim \u0161kolama.<\/p>\n<p><strong>Jelena Klin\u010devi\u0107<\/strong>, dipl.psih., mr.spec. klini\u010dke psihologije[\/vc_column_text][\/vc_column][\/vc_row][vc_row][vc_column][vc_video link=&#8221;https:\/\/youtu.be\/F9cAC0FP_a4&#8243; el_width=&#8221;50&#8243; align=&#8221;center&#8221; css=&#8221;&#8221;][vc_gallery type=&#8221;image_grid&#8221; images=&#8221;48722,48723,48724,48725,48726,48727,48728,48729,48730,48731,48732,48733,48734,48735,48736,48737,48738,48739,48740,48741,48742,48743,48744&#8243; css=&#8221;&#8221;][\/vc_column][\/vc_row]\n<\/div>","protected":false},"excerpt":{"rendered":"<p>[vc_row equal_height=&#8221;yes&#8221; content_placement=&#8221;middle&#8221;][vc_column width=&#8221;1\/3&#8243;][vc_single_image image=&#8221;48447&#8243; img_size=&#8221;large&#8221; alignment=&#8221;center&#8221; css=&#8221;&#8221;][\/vc_column][vc_column width=&#8221;2\/3&#8243;][vc_custom_heading text=&#8221;Drvljaci (2022)&#8221; css=&#8221;&#8221;][vc_column_text css=&#8221;&#8221;]28. listpada 2022.[\/vc_column_text][\/vc_column][\/vc_row][vc_row][vc_column][vc_column_text css=&#8221;&#8221;]Vanja Jovanovi\u0107 i Patrik Gregurec Djetetu je najprije potrebna briga i njega. Zatim se javlja potreba za pri\u010dom. Potreba za pri\u010dom ostaje do kraja \u010dovjekova \u017eivota. Putem pri\u010danja pri\u010da se razumijemo, u\u010dimo, spoznajemo sre\u0107u i podnosimo nesre\u0107u. Pri\u010de nam omogu\u0107uju da iza\u0111emo iz svojih okvira [&hellip;]<\/p>\n","protected":false},"author":2,"featured_media":0,"parent":0,"menu_order":0,"comment_status":"closed","ping_status":"closed","template":"","meta":{"inline_featured_image":false,"footnotes":""},"class_list":["post-48720","page","type-page","status-publish","hentry"],"ulaznica_data":null,"_links":{"self":[{"href":"https:\/\/czk-cakovec.hr\/saturn\/wp-json\/wp\/v2\/pages\/48720","targetHints":{"allow":["GET"]}}],"collection":[{"href":"https:\/\/czk-cakovec.hr\/saturn\/wp-json\/wp\/v2\/pages"}],"about":[{"href":"https:\/\/czk-cakovec.hr\/saturn\/wp-json\/wp\/v2\/types\/page"}],"author":[{"embeddable":true,"href":"https:\/\/czk-cakovec.hr\/saturn\/wp-json\/wp\/v2\/users\/2"}],"replies":[{"embeddable":true,"href":"https:\/\/czk-cakovec.hr\/saturn\/wp-json\/wp\/v2\/comments?post=48720"}],"version-history":[{"count":3,"href":"https:\/\/czk-cakovec.hr\/saturn\/wp-json\/wp\/v2\/pages\/48720\/revisions"}],"predecessor-version":[{"id":48747,"href":"https:\/\/czk-cakovec.hr\/saturn\/wp-json\/wp\/v2\/pages\/48720\/revisions\/48747"}],"wp:attachment":[{"href":"https:\/\/czk-cakovec.hr\/saturn\/wp-json\/wp\/v2\/media?parent=48720"}],"curies":[{"name":"wp","href":"https:\/\/api.w.org\/{rel}","templated":true}]}}