{"id":48954,"date":"2025-12-23T10:59:29","date_gmt":"2025-12-23T09:59:29","guid":{"rendered":"https:\/\/czk-cakovec.hr\/?page_id=48954"},"modified":"2025-12-23T13:55:35","modified_gmt":"2025-12-23T12:55:35","slug":"preko-sedam-mora-preko-sedam-gora","status":"publish","type":"page","link":"https:\/\/czk-cakovec.hr\/saturn\/preko-sedam-mora-preko-sedam-gora\/","title":{"rendered":"Preko sedam mora, preko sedam gora"},"content":{"rendered":"<div class=\"wpb-content-wrapper\">[vc_row equal_height=&#8221;yes&#8221; content_placement=&#8221;middle&#8221;][vc_column width=&#8221;1\/3&#8243;][vc_single_image image=&#8221;48463&#8243; img_size=&#8221;full&#8221; alignment=&#8221;center&#8221; css=&#8221;&#8221;][\/vc_column][vc_column width=&#8221;2\/3&#8243;][vc_custom_heading text=&#8221;Preko sedam mora, preko sedam gora (2017.)&#8221; css=&#8221;&#8221;][vc_column_text css=&#8221;&#8221;]20. O\u017eujka 2017[\/vc_column_text][\/vc_column][\/vc_row][vc_row][vc_column][vc_column_text css=&#8221;&#8221;]<strong>PREKO SEDAM MORA, PREKO SEDAM GORA<br \/>\n<\/strong><strong>Jelena Kova\u010di\u0107 i Anica Tomi\u0107<br \/>\n(premijera u sklopu proslave 30 godina Kazali\u0161ne dru\u017eine Pinklec)<br \/>\n<\/strong><em>Premijera 23.o\u017eujka 2017. u Centru za kulturu \u010cakovec<br \/>\n<\/em>Dramska predstava<\/p>\n<p><strong>Redateljica:\u00a0<\/strong>Anica Tomi\u0107<br \/>\n<strong>Dramaturgija:<\/strong>\u00a0Jelena Kova\u010di\u0107<br \/>\n<strong>Glazba:\u00a0<\/strong>Nenad Kova\u010di\u0107 i Aurwa AlYoussef<br \/>\n<strong>Violina:<\/strong>\u00a0Lucija Stanojevi\u0107<br \/>\n<strong>Scenografija i kostimografija:\u00a0<\/strong>Iva Matija Bitanga<br \/>\n<strong>Oblikovanje rasvjete:<\/strong>\u00a0Neven Taradi<br \/>\n<strong>Dizajn promotivnih materijala:<\/strong>\u00a0Mario Jak\u0161i\u0107<br \/>\n<strong>Igraju:<\/strong>\u00a0Karolina Horvat, Tena A. Torjanac, Bruno Kontrec, Mario Jak\u0161i\u0107, Davor Dokleja, Igor Baksa<\/p>\n<p><strong>O predstavi:<br \/>\n<\/strong>Posljednje dvije godine svjedoci smo jedne o najve\u0107ih civilizacijskih kriza suvremenog doba. Izbjegli\u010dka kriza zatekla nas je nespremne i stavila na ku\u0161nju na\u0161u spremnost da pomognemo i pokrenemo sve na\u0161e ljudske potencijale kako bi istinski prepoznali i prihvatili drugog. Me\u0111u brojnim izbjeglicama nalazi se i veliki broj maloljetne djece koja bje\u017ee od rata i progona. Velik broj njih putuju bez pratnje i nalaze se na najneizvjesnijem putu svog \u017eivota. Njihovo djetinjstvo zauvijek je prekinuto.<\/p>\n<p>Predstava\u00a0<strong>Preko sedam mora,\u00a0preko\u00a0sedam gora<\/strong>\u00a0na scenu dovodi upravo njihove pri\u010de. Temeljena na dokumentarnim materijalima, predstava pri\u010da pri\u010du o putovanju u bolji \u017eivot, prema nesigurnom i neizvjesnom cilju. Putovanje je to na kojem oni koji se na njega odlu\u010de ostaju bez svega osim svog vlastitog \u017eivota. Ova predstava poku\u0161ava im vratiti pravo na to da ispri\u010daju svoje pri\u010de. Pri\u010da ih upravo kroz pogled djeteta, koji bez obzira na sve jo\u0161 uvijek poku\u0161ava zadr\u017eati pravo na igru, na igra\u010dke i bajke, na djetinjstvo. No istovremeno nas podsje\u0107a koliko je malo potrebno kako bismo prepoznali drugog.<\/p>\n<p><strong>Trajanje:\u00a0<\/strong>50 minuta<br \/>\n<strong>Dob:\u00a0<\/strong>6 + (ni\u017ei i vi\u0161i razredi osnovne \u0161kole)<\/p>\n<p><strong>Nagrade:<\/strong><br \/>\n<strong><u>20. Susret profesionalnih kazali\u0161ta za djecu i mlade Assitej, \u010cakovec<br \/>\n<\/u><\/strong><strong>Nagrada za re\u017eiju:<\/strong>\u00a0Anica Tomi\u0107 za predstavu \u201dPREKO SEDAM MORA, PREKO SEDAM GORA\u201d u izvedbi Kazali\u0161ne dru\u017eine Pinklec<br \/>\n<strong>Nagrada za dramaturgiju:<\/strong>\u00a0Jelena Kova\u010di\u0107 za predstavu \u201dPREKO SEDAM MORA, PREKO SEDAM GORA\u201d u izvedbi Kazali\u0161ne dru\u017eine Pinklec<br \/>\n<strong>Nagrada za kolektivno gluma\u010dko ostvarenje:<\/strong>\u00a0ansambl predstave \u201dPREKO SEDAM MORA, PREKO SEDAM GORA\u201d u izvedbi Kazali\u0161ne dru\u017eine Pinklec<\/p>\n<p><strong><u>11. Festival hrvatske drame za djecu i mlade \u201dMali Maruli\u0107\u201d, Split<br \/>\n<\/u><\/strong><strong>Nagrada za re\u017eiju:\u00a0<\/strong>Anica Tomi\u0107 za predstavu \u201dPREKO SEDAM MORA, PREKO SEDAM GORA\u201d u izvedbi Kazali\u0161ne dru\u017eine Pinklec<\/p>\n<p>KRITIKA:<br \/>\n<strong><a href=\"http:\/\/kritikaz.com\/vijesti\/kritike\/36710\/Toplo-i-zaigrano-o-junacima-%C4%8Diji-crte%C5%BEi,-na%C5%BEalost,-ne-o%C5%BEivljavaju\">Toplo i zaigrano o junacima \u010diji crte\u017ei, na\u017ealost, ne o\u017eivljavaju \u2013 KRITIKAZ<\/a><\/strong>[\/vc_column_text][\/vc_column][\/vc_row][vc_row][vc_column][vc_gallery type=&#8221;image_grid&#8221; images=&#8221;48956,48957,48958,48959,48960,48961,48962,48963,48964,48965,48966,48967,48968&#8243; css=&#8221;&#8221;][\/vc_column][\/vc_row]\n<\/div>","protected":false},"excerpt":{"rendered":"<p>[vc_row equal_height=&#8221;yes&#8221; content_placement=&#8221;middle&#8221;][vc_column width=&#8221;1\/3&#8243;][vc_single_image image=&#8221;48463&#8243; img_size=&#8221;full&#8221; alignment=&#8221;center&#8221; css=&#8221;&#8221;][\/vc_column][vc_column width=&#8221;2\/3&#8243;][vc_custom_heading text=&#8221;Preko sedam mora, preko sedam gora (2017.)&#8221; css=&#8221;&#8221;][vc_column_text css=&#8221;&#8221;]20. O\u017eujka 2017[\/vc_column_text][\/vc_column][\/vc_row][vc_row][vc_column][vc_column_text css=&#8221;&#8221;]PREKO SEDAM MORA, PREKO SEDAM GORA Jelena Kova\u010di\u0107 i Anica Tomi\u0107 (premijera u sklopu proslave 30 godina Kazali\u0161ne dru\u017eine Pinklec) Premijera 23.o\u017eujka 2017. u Centru za kulturu \u010cakovec Dramska predstava Redateljica:\u00a0Anica Tomi\u0107 Dramaturgija:\u00a0Jelena Kova\u010di\u0107 Glazba:\u00a0Nenad Kova\u010di\u0107 i Aurwa AlYoussef Violina:\u00a0Lucija [&hellip;]<\/p>\n","protected":false},"author":2,"featured_media":0,"parent":0,"menu_order":0,"comment_status":"closed","ping_status":"closed","template":"","meta":{"inline_featured_image":false,"footnotes":""},"class_list":["post-48954","page","type-page","status-publish","hentry"],"ulaznica_data":null,"_links":{"self":[{"href":"https:\/\/czk-cakovec.hr\/saturn\/wp-json\/wp\/v2\/pages\/48954","targetHints":{"allow":["GET"]}}],"collection":[{"href":"https:\/\/czk-cakovec.hr\/saturn\/wp-json\/wp\/v2\/pages"}],"about":[{"href":"https:\/\/czk-cakovec.hr\/saturn\/wp-json\/wp\/v2\/types\/page"}],"author":[{"embeddable":true,"href":"https:\/\/czk-cakovec.hr\/saturn\/wp-json\/wp\/v2\/users\/2"}],"replies":[{"embeddable":true,"href":"https:\/\/czk-cakovec.hr\/saturn\/wp-json\/wp\/v2\/comments?post=48954"}],"version-history":[{"count":4,"href":"https:\/\/czk-cakovec.hr\/saturn\/wp-json\/wp\/v2\/pages\/48954\/revisions"}],"predecessor-version":[{"id":49264,"href":"https:\/\/czk-cakovec.hr\/saturn\/wp-json\/wp\/v2\/pages\/48954\/revisions\/49264"}],"wp:attachment":[{"href":"https:\/\/czk-cakovec.hr\/saturn\/wp-json\/wp\/v2\/media?parent=48954"}],"curies":[{"name":"wp","href":"https:\/\/api.w.org\/{rel}","templated":true}]}}