{"id":49128,"date":"2025-12-23T11:41:05","date_gmt":"2025-12-23T10:41:05","guid":{"rendered":"https:\/\/czk-cakovec.hr\/?page_id=49128"},"modified":"2025-12-23T11:42:12","modified_gmt":"2025-12-23T10:42:12","slug":"bremenski-sviraci-4","status":"publish","type":"page","link":"https:\/\/czk-cakovec.hr\/saturn\/bremenski-sviraci-4\/","title":{"rendered":"Bremenski svira\u010di"},"content":{"rendered":"<div class=\"wpb-content-wrapper\">[vc_row equal_height=&#8221;yes&#8221; content_placement=&#8221;middle&#8221;][vc_column width=&#8221;1\/3&#8243;][vc_single_image image=&#8221;48470&#8243; img_size=&#8221;large&#8221; alignment=&#8221;center&#8221; css=&#8221;&#8221;][\/vc_column][vc_column width=&#8221;2\/3&#8243;][vc_custom_heading text=&#8221;Bremenski svira\u010di (2015.)&#8221; css=&#8221;&#8221;][vc_column_text css=&#8221;&#8221;]5. velja\u010de 2015.[\/vc_column_text][\/vc_column][\/vc_row][vc_row][vc_column][vc_column_text css=&#8221;&#8221;]<strong>Kazali\u0161na dru\u017eina PINKLEC<\/strong><\/p>\n<p><strong>BREMENSKI SVIRA\u010cI<br \/>\n<\/strong>(prema motivima pri\u010de B. Grimm)<\/p>\n<p>Pretpremijera 22. velja\u010de 2015. u Centru za kulturu \u010cakovec<br \/>\nPremijera 25. velja\u010de 2015. u Centru za kulturu \u010cakovec<br \/>\nDramsko-glazbena predstava<\/p>\n<p><strong>Redatelj:\u00a0<\/strong>Romano Bogdan<br \/>\n<strong>Dramatizacija:\u00a0<\/strong>Romano Bogdan<br \/>\n<strong>Glazba:\u00a0<\/strong>Igor Baksa, VIS\u00a0Tragedija<br \/>\n<strong>Oblikovanje rasvjete:<\/strong>\u00a0Neven Taradi<br \/>\n<strong>Igraju:<\/strong>\u00a0Karolina Horvat, Davor Dokleja, Igor Baksa i Bruno Kontrec<\/p>\n<p><strong>O predstavi:<\/strong><\/p>\n<p>Klasi\u010dna basna bra\u0107e Grimm kao stvorena je za formu mjuzikla \u010dijim se elementima poigravaju \u010detiri glazbeno nadarene \u017eivotinje. Islu\u017eeni magarac Jure prestao je biti koristan svom gazdi mlinaru, te ga on otjera od ku\u0107e. Sli\u010dna sudbina prijetila je i ostalim \u017eivotinjama: lova\u010dkog psa Rikija gazda je htio ubiti, ofucanu ma\u010dku Matildu utopiti u vodi, dok je pijetao \u0110urek trebao zavr\u0161iti u kipu\u0107em loncu. Zajedno postanu sviraju\u0107i putuju\u0107i glazbeni sastav koji svoju karijeru krene potra\u017eiti u dalekom gradu Bremenu.<br \/>\nKazali\u0161na dru\u017eina Pinklec, u svom prepoznatljivom humoristi\u010dnom stilu, ovu poznatu pri\u010du osvje\u017eava modernom perspektivom \u010detiri dijalektalno (i dijametralno) razli\u010dita karaktera. Tako je tovar Jure sasvim logi\u010dno \u010dakavac, pijetao kukuri\u010de na kajkavskom dijalektu, maca se uvija finim \u0161tokavskim, a pas laje na slikovitom romskom jezi\u010dnom \u0107u\u0161pajzu. \u010cetvero zabavlja\u010da u potrazi za kruhom vodi nas u nesvakida\u0161nju glazbeno-scensku avanturu za sve uzraste.<\/p>\n<p><strong>Trajanje:\u00a0<\/strong>40 minuta<br \/>\n<strong>Dob:\u00a0<\/strong>3 + (pred\u0161kolski uzrast, ni\u017ei i vi\u0161i\u00a0razredi osnovne \u0161kole)<\/p>\n<p><strong>FESTIVALI<\/strong><br \/>\n<strong>Vukovarsko lutkarsko prolje\u0107e, Vukovar 2015.<br \/>\n<\/strong><strong>Me\u0111unarodni dje\u010dji festival u \u0160ibeniku, 2015.<br \/>\n<\/strong><strong>18. ASSITEJ \u010cakovec 2015.<br \/>\n<\/strong><strong>PROLOG, Sisak 2015.<br \/>\nMali Bok, Bjelovar 2016.<br \/>\nVirkaz, Virovitica 2016.<br \/>\nKotor fest, Crna Gora 2016.<br \/>\nGlumi\u0161te pod murvom, Skradin 2016.<br \/>\nKastafsko kulturno leto, Kastav 2016.<\/strong><\/p>\n<p><strong>NAGRADE<br \/>\n<\/strong><strong>18. ASSITEJ \u010cakovec 2015. \u2013 Nagrada za najbolju predstavu u cjelini<br \/>\nGlumi\u0161te pod murvom, Skradin- Nagrada za najbolju dje\u010dju predstavu<br \/>\nGlumi\u0161te pod murvom, Skradin\u00a0 \u2013 Nagrada za najboljeg glumca (Igor Baksa)<\/strong><\/p>\n<p>KRITIKA<br \/>\n<a href=\"http:\/\/kritikaz.com\/vijesti\/Kritike\/26375\/Sviramo,_pjevamo_i_ba%C5%A1_smo_fora\" target=\"_blank\" rel=\"noopener noreferrer\">Kritikaz<\/a>[\/vc_column_text][\/vc_column][\/vc_row][vc_row][vc_column][vc_gallery type=&#8221;image_grid&#8221; images=&#8221;49130,49131,49132,49133,49134,49135,49136,49137,49138,49139,49140,49141,49142,49143,49144,49145,49146,49147,49148,49149,49150,49151,49152,49153,49154,49155,49156,49157,49158,49159,49160,49161,49162,49163,49164,49165&#8243; css=&#8221;&#8221;][\/vc_column][\/vc_row]\n<\/div>","protected":false},"excerpt":{"rendered":"<p>[vc_row equal_height=&#8221;yes&#8221; content_placement=&#8221;middle&#8221;][vc_column width=&#8221;1\/3&#8243;][vc_single_image image=&#8221;48470&#8243; img_size=&#8221;large&#8221; alignment=&#8221;center&#8221; css=&#8221;&#8221;][\/vc_column][vc_column width=&#8221;2\/3&#8243;][vc_custom_heading text=&#8221;Bremenski svira\u010di (2015.)&#8221; css=&#8221;&#8221;][vc_column_text css=&#8221;&#8221;]5. velja\u010de 2015.[\/vc_column_text][\/vc_column][\/vc_row][vc_row][vc_column][vc_column_text css=&#8221;&#8221;]Kazali\u0161na dru\u017eina PINKLEC BREMENSKI SVIRA\u010cI (prema motivima pri\u010de B. Grimm) Pretpremijera 22. velja\u010de 2015. u Centru za kulturu \u010cakovec Premijera 25. velja\u010de 2015. u Centru za kulturu \u010cakovec Dramsko-glazbena predstava Redatelj:\u00a0Romano Bogdan Dramatizacija:\u00a0Romano Bogdan Glazba:\u00a0Igor Baksa, VIS\u00a0Tragedija Oblikovanje rasvjete:\u00a0Neven Taradi Igraju:\u00a0Karolina Horvat, Davor Dokleja, [&hellip;]<\/p>\n","protected":false},"author":2,"featured_media":0,"parent":0,"menu_order":0,"comment_status":"closed","ping_status":"closed","template":"","meta":{"inline_featured_image":false,"footnotes":""},"class_list":["post-49128","page","type-page","status-publish","hentry"],"ulaznica_data":null,"_links":{"self":[{"href":"https:\/\/czk-cakovec.hr\/saturn\/wp-json\/wp\/v2\/pages\/49128","targetHints":{"allow":["GET"]}}],"collection":[{"href":"https:\/\/czk-cakovec.hr\/saturn\/wp-json\/wp\/v2\/pages"}],"about":[{"href":"https:\/\/czk-cakovec.hr\/saturn\/wp-json\/wp\/v2\/types\/page"}],"author":[{"embeddable":true,"href":"https:\/\/czk-cakovec.hr\/saturn\/wp-json\/wp\/v2\/users\/2"}],"replies":[{"embeddable":true,"href":"https:\/\/czk-cakovec.hr\/saturn\/wp-json\/wp\/v2\/comments?post=49128"}],"version-history":[{"count":4,"href":"https:\/\/czk-cakovec.hr\/saturn\/wp-json\/wp\/v2\/pages\/49128\/revisions"}],"predecessor-version":[{"id":49169,"href":"https:\/\/czk-cakovec.hr\/saturn\/wp-json\/wp\/v2\/pages\/49128\/revisions\/49169"}],"wp:attachment":[{"href":"https:\/\/czk-cakovec.hr\/saturn\/wp-json\/wp\/v2\/media?parent=49128"}],"curies":[{"name":"wp","href":"https:\/\/api.w.org\/{rel}","templated":true}]}}