{"id":49170,"date":"2025-12-23T11:45:08","date_gmt":"2025-12-23T10:45:08","guid":{"rendered":"https:\/\/czk-cakovec.hr\/?page_id=49170"},"modified":"2025-12-23T11:55:39","modified_gmt":"2025-12-23T10:55:39","slug":"jezeva-kucica","status":"publish","type":"page","link":"https:\/\/czk-cakovec.hr\/saturn\/jezeva-kucica\/","title":{"rendered":"Je\u017eeva ku\u0107ica"},"content":{"rendered":"<div class=\"wpb-content-wrapper\">[vc_row equal_height=&#8221;yes&#8221; content_placement=&#8221;middle&#8221;][vc_column width=&#8221;1\/3&#8243;][vc_single_image image=&#8221;48471&#8243; img_size=&#8221;large&#8221; alignment=&#8221;center&#8221; css=&#8221;&#8221;][\/vc_column][vc_column width=&#8221;2\/3&#8243;][vc_custom_heading text=&#8221;Je\u017eeva ku\u0107ica (2014.)&#8221; css=&#8221;&#8221;][vc_column_text css=&#8221;&#8221;]30. rujna 2014.[\/vc_column_text][\/vc_column][\/vc_row][vc_row][vc_column][vc_column_text css=&#8221;&#8221;]<strong>Kazali\u0161na dru\u017eina PINKLEC i Dje\u010dja i lutkarska scena HNK u Vara\u017edinu<\/strong><\/p>\n<p><strong>JE\u017dEVA KU\u0106ICA<\/strong><\/p>\n<p><strong>Pretpremijera 12. listopada 2014. u 16:00<\/strong><\/p>\n<p><strong>Premijera 14. listopada 2014. u 18:00<\/strong><\/p>\n<p><strong><em>(lutkarska predstava)<\/em><\/strong><\/p>\n<p><strong>Redateljica<\/strong>:<strong>\u00a0<\/strong>Tamara Ku\u010dinovi\u0107<\/p>\n<p><strong>Adaptacija:\u00a0<\/strong>Maja Sviben<\/p>\n<p><strong>Scenografija:\u00a0<\/strong>Mira Stani\u0107<\/p>\n<p><strong>Izrada scenografije i lutaka:<\/strong>\u00a0Mira Stani\u0107, Ivan Dui\u0107<\/p>\n<p><strong>Glazba<\/strong>:<strong>\u00a0<\/strong>Hrvoje Radni\u0107<\/p>\n<p><strong>Majstor rasvjete:\u00a0<\/strong>Neven Taradi<\/p>\n<p><strong>Majstor tona:<\/strong>\u00a0Mario Zelenbaba<\/p>\n<p><strong>ULOGE:<\/strong><\/p>\n<p>JE\u017dURKA JE\u017dI\u0106: Nik\u0161a Eldan<\/p>\n<p>LIJA: Karolina Horvat<\/p>\n<p>VUK: Davor Dokleja<\/p>\n<p>VEPAR: Goran Guksi\u0107<\/p>\n<p>MEDO: Bruno Kontrec<\/p>\n<p><strong>O predstavi:<\/strong><\/p>\n<p>Je\u017eeva ku\u0107ica ili o sre\u0107i, prijateljstvu i u\u017eitku u malim stvarima. \u2018Po \u0161umi, \u0161irom, bez staze, puta, Je\u017eurka Je\u017ei\u0107 povazdan luta\u2019 uvodni su stihovi jedne od najpoznatijih dje\u010djih pjesama regije, kroz koju nam je Branko \u0106opi\u0107 ostavio pregr\u0161t lijepih misli i dobrih ideja za lutkarsko istra\u017eivanje. Na\u0161 Je\u017eurka nije lovac kao u originalu, no o\u010daranost prirodom slijedi ga i u njegovim kazali\u0161nim pute\u0161estvijama, a vesela \u017eivotinjska dru\u017eina na \u010delu s Lijom pretvorila se u ozbiljnu izvi\u0111a\u010dku jedinicu kojoj je cilj saznati \u0161to to Je\u017eurku \u010dini toliko sretnim u njegovom domu i mogu li oni dio te sre\u0107e prisvojiti. Naravno, usput \u0107e morati iza\u0107i na kraj s brojnim preprekama, ali i otkriti \u0161to zapravo sre\u0107a za njih zna\u010di, a mo\u017eda i pomo\u0107i Je\u017eurki da prona\u0111e jedinu stvar koja mu nedostaje\u2026<\/p>\n<p><strong>Trajanje:\u00a045 minuta<\/strong><\/p>\n<p><strong>Dob: 3+ (pred\u0161kolska i ni\u017ei razredi osnovne \u0161kole)<\/strong>[\/vc_column_text][\/vc_column][\/vc_row]\n<\/div>","protected":false},"excerpt":{"rendered":"<p>[vc_row equal_height=&#8221;yes&#8221; content_placement=&#8221;middle&#8221;][vc_column width=&#8221;1\/3&#8243;][vc_single_image image=&#8221;48471&#8243; img_size=&#8221;large&#8221; alignment=&#8221;center&#8221; css=&#8221;&#8221;][\/vc_column][vc_column width=&#8221;2\/3&#8243;][vc_custom_heading text=&#8221;Je\u017eeva ku\u0107ica (2014.)&#8221; css=&#8221;&#8221;][vc_column_text css=&#8221;&#8221;]30. rujna 2014.[\/vc_column_text][\/vc_column][\/vc_row][vc_row][vc_column][vc_column_text css=&#8221;&#8221;]Kazali\u0161na dru\u017eina PINKLEC i Dje\u010dja i lutkarska scena HNK u Vara\u017edinu JE\u017dEVA KU\u0106ICA Pretpremijera 12. listopada 2014. u 16:00 Premijera 14. listopada 2014. u 18:00 (lutkarska predstava) Redateljica:\u00a0Tamara Ku\u010dinovi\u0107 Adaptacija:\u00a0Maja Sviben Scenografija:\u00a0Mira Stani\u0107 Izrada scenografije i lutaka:\u00a0Mira Stani\u0107, Ivan Dui\u0107 Glazba:\u00a0Hrvoje Radni\u0107 Majstor rasvjete:\u00a0Neven [&hellip;]<\/p>\n","protected":false},"author":2,"featured_media":0,"parent":0,"menu_order":0,"comment_status":"closed","ping_status":"closed","template":"","meta":{"inline_featured_image":false,"footnotes":""},"class_list":["post-49170","page","type-page","status-publish","hentry"],"ulaznica_data":null,"_links":{"self":[{"href":"https:\/\/czk-cakovec.hr\/saturn\/wp-json\/wp\/v2\/pages\/49170","targetHints":{"allow":["GET"]}}],"collection":[{"href":"https:\/\/czk-cakovec.hr\/saturn\/wp-json\/wp\/v2\/pages"}],"about":[{"href":"https:\/\/czk-cakovec.hr\/saturn\/wp-json\/wp\/v2\/types\/page"}],"author":[{"embeddable":true,"href":"https:\/\/czk-cakovec.hr\/saturn\/wp-json\/wp\/v2\/users\/2"}],"replies":[{"embeddable":true,"href":"https:\/\/czk-cakovec.hr\/saturn\/wp-json\/wp\/v2\/comments?post=49170"}],"version-history":[{"count":3,"href":"https:\/\/czk-cakovec.hr\/saturn\/wp-json\/wp\/v2\/pages\/49170\/revisions"}],"predecessor-version":[{"id":49173,"href":"https:\/\/czk-cakovec.hr\/saturn\/wp-json\/wp\/v2\/pages\/49170\/revisions\/49173"}],"wp:attachment":[{"href":"https:\/\/czk-cakovec.hr\/saturn\/wp-json\/wp\/v2\/media?parent=49170"}],"curies":[{"name":"wp","href":"https:\/\/api.w.org\/{rel}","templated":true}]}}