{"id":49186,"date":"2025-12-23T12:44:26","date_gmt":"2025-12-23T11:44:26","guid":{"rendered":"https:\/\/czk-cakovec.hr\/?page_id=49186"},"modified":"2025-12-23T12:45:15","modified_gmt":"2025-12-23T11:45:15","slug":"segrt-hlapic-kako-bi-ga-igrala-kd-pinklec","status":"publish","type":"page","link":"https:\/\/czk-cakovec.hr\/saturn\/segrt-hlapic-kako-bi-ga-igrala-kd-pinklec\/","title":{"rendered":"\u0160egrt Hlapi\u0107 kako bi ga igrala KD Pinklec"},"content":{"rendered":"<div class=\"wpb-content-wrapper\">[vc_row equal_height=&#8221;yes&#8221; content_placement=&#8221;middle&#8221;][vc_column width=&#8221;1\/3&#8243;][vc_single_image image=&#8221;48474&#8243; img_size=&#8221;large&#8221; alignment=&#8221;center&#8221; css=&#8221;&#8221;][\/vc_column][vc_column width=&#8221;2\/3&#8243;][vc_custom_heading text=&#8221;\u0160egrt Hlapi\u0107 kako bi ga igrala KD Pinklec (2013.)&#8221; css=&#8221;&#8221;][vc_column_text css=&#8221;&#8221;]25. listopada 2013.[\/vc_column_text][\/vc_column][\/vc_row][vc_row][vc_column][vc_column_text css=&#8221;&#8221;]\n<p style=\"font-weight: 400;\"><span style=\"font-style: inherit; font-weight: inherit;\">Prema I.B. Ma\u017eurani\u0107 priredili Tanja Novak i Igor Baksa<br \/>\nPremijera 03. studenog 2013. u Centru za kulturu \u010cakovec<br \/>\nIgrano lutkarska predstava<br \/>\n<\/span><\/p>\n<p style=\"font-weight: 400;\"><strong style=\"font-style: inherit; font-weight: 600;\">Redatelj:<\/strong>\u00a0Romano Bogdan<br \/>\n<strong style=\"font-style: inherit; font-weight: 600;\">Dramaturgija:<\/strong>\u00a0Tanja Novak<br \/>\n<strong style=\"font-style: inherit; font-weight: 600;\">Asistent redatelja:<\/strong>\u00a0Davor Dokleja<br \/>\n<strong style=\"font-style: inherit; font-weight: 600;\">Glazba:<\/strong>\u00a0Bojan Miljan\u010di\u0107<br \/>\n<strong style=\"font-style: inherit; font-weight: 600;\">Likovno oblikovanje (lutke i scenografija):<\/strong>\u00a0Ena Bajuk<br \/>\n<strong style=\"font-style: inherit; font-weight: 600;\">Oblikovanje rasvjete:<\/strong>\u00a0Neven Taradi<br \/>\n<strong style=\"font-style: inherit; font-weight: 600;\">Majstor rasvjete:<\/strong>\u00a0Neven Taradi<br \/>\n<strong style=\"font-style: inherit; font-weight: 600;\">Majstor tona:<\/strong>\u00a0Mario Zelenbaba<br \/>\n<strong style=\"font-style: inherit; font-weight: 600;\">Izrada scenografije:<\/strong>\u00a0Davor Tkalec i Ivan Leva\u010di\u0107<br \/>\n<strong style=\"font-style: inherit; font-weight: 600;\">Grafi\u010dko oblikovanje plakata:<\/strong>\u00a0Mario Jak\u0161i\u0107<\/p>\n<p style=\"font-weight: 400;\"><strong style=\"font-style: inherit; font-weight: 600;\">Igraju:<\/strong><br \/>\nKarolina Horvat<br \/>\nMario Jak\u0161i\u0107<br \/>\nBruno Kontrec<br \/>\nDavor Dokleja<br \/>\ni<br \/>\n\u0160tef<\/p>\n<p style=\"font-weight: 400;\"><strong style=\"font-style: inherit; font-weight: 600;\">O predstavi:<\/strong><\/p>\n<p style=\"font-weight: 400;\">Prijelaznu crtu izme\u0111u bajke i realisti\u010dne zgodbe kojom je svojevremeno I. B. Ma\u017eurani\u0107 u \u0160egrtu Hlapi\u0107u nagovijestila novi \u017eanr u hrvatskoj knji\u017eevnosti \u2013 realisti\u010dni roman, Kazali\u0161na dru\u017eina \u201dPinklec\u201d nagla\u0161ava slojevitom lutkarsko-scenskom kazali\u0161nom predstavom kojoj je u zadatku neprestano ispadanje iz kazali\u0161ne igre, kako bi izazvala publiku da propitkuje \u010dinjenicu \u201ekazali\u0161ne realnosti\u201c. Izvo\u0111a\u010di nisu tek likovi koje tuma\u010de (Hlapi\u0107, Gita, Majstor Mrkonja,\u2026) ve\u0107 i glumci ome\u0111eni okvirima kazali\u0161ne iluzije, koji imaju pravo na gablec, koji pribjegavaju\u00a0 improvizaciji, \u201epreglumljavanju\u201c, pa i persifla\u017ei kada kao pripovjeda\u010di zgodbe u kojoj su se susreli sa \u0161egrtom Hlapi\u0107em,\u00a0 inzistiraju na legendi o \u201eNajve\u0107oj predstavi\u201c koju donose u maniri putuju\u0107e (cirkuske) kazali\u0161ne dru\u017eine.<\/p>\n<p style=\"font-weight: 400;\">Ansambl od \u010detiri izvodi predstavu u brzom ritmu, s gluma\u010dkim \u017earom, razigrano, pripovjeda\u010dki. Poentira pri\u010du o \u201eputovanju\u201c \u0160egrta Hlapi\u0107a koje ne\u0107e biti lako, budu\u0107i da je svijet i divan i opasan, te je onom tko se otisne na putovanje potrebne mudrost i dobrota da bi svladao prepreke.<br \/>\nDa su, kako je postavila I. B. Ma\u017eurani\u0107, daljine relativne, a \u010dudo ravnopravno sa zbiljom, Kazali\u0161na dru\u017eina \u201dPinklec\u201d u predstavi nagla\u0161ava slojevitom dramaturgijom i osebujnom kazali\u0161nom estetikom.<br \/>\nPretpostavimo li da sudbina odraslog \u0160egrta Hlapi\u0107a nije zape\u010da\u0107ena povratkom na cilj \u2013 u smirenost ponovno prona\u0111enog doma, ve\u0107 (nakon inicijacijskog putovanja) odabirom pustolovnog \u017eivota in continuum, tada bismo mogli postaviti pitanje \u2013 nije li Hlapi\u0107 umjesto postolarske radnje odabrao putuju\u0107u kazali\u0161nu dru\u017einu, da bi mu svako novo prepri\u010davanje pri\u010de (u kojoj sudbina postupno gubi dimenzije zbilje, a dje\u010dak poprima mitske osobine) osiguralo daljnju egzistenciju?<\/p>\n<p style=\"font-weight: 400;\"><strong style=\"font-style: inherit; font-weight: 600;\">Trajanje:<\/strong>\u00a045 min.<br \/>\n<strong style=\"font-style: inherit; font-weight: 600;\">Dob:<\/strong>\u00a03+ (pred\u0161kolci, ni\u017ei i vi\u0161i razredi osnovne \u0161kole)<\/p>\n[\/vc_column_text][\/vc_column][\/vc_row]\n<\/div>","protected":false},"excerpt":{"rendered":"<p>[vc_row equal_height=&#8221;yes&#8221; content_placement=&#8221;middle&#8221;][vc_column width=&#8221;1\/3&#8243;][vc_single_image image=&#8221;48474&#8243; img_size=&#8221;large&#8221; alignment=&#8221;center&#8221; css=&#8221;&#8221;][\/vc_column][vc_column width=&#8221;2\/3&#8243;][vc_custom_heading text=&#8221;\u0160egrt Hlapi\u0107 kako bi ga igrala KD Pinklec (2013.)&#8221; css=&#8221;&#8221;][vc_column_text css=&#8221;&#8221;]25. listopada 2013.[\/vc_column_text][\/vc_column][\/vc_row][vc_row][vc_column][vc_column_text css=&#8221;&#8221;] Prema I.B. Ma\u017eurani\u0107 priredili Tanja Novak i Igor Baksa Premijera 03. studenog 2013. u Centru za kulturu \u010cakovec Igrano lutkarska predstava Redatelj:\u00a0Romano Bogdan Dramaturgija:\u00a0Tanja Novak Asistent redatelja:\u00a0Davor Dokleja Glazba:\u00a0Bojan Miljan\u010di\u0107 Likovno oblikovanje (lutke i scenografija):\u00a0Ena Bajuk Oblikovanje [&hellip;]<\/p>\n","protected":false},"author":2,"featured_media":0,"parent":0,"menu_order":0,"comment_status":"closed","ping_status":"closed","template":"","meta":{"inline_featured_image":false,"footnotes":""},"class_list":["post-49186","page","type-page","status-publish","hentry"],"ulaznica_data":null,"_links":{"self":[{"href":"https:\/\/czk-cakovec.hr\/saturn\/wp-json\/wp\/v2\/pages\/49186","targetHints":{"allow":["GET"]}}],"collection":[{"href":"https:\/\/czk-cakovec.hr\/saturn\/wp-json\/wp\/v2\/pages"}],"about":[{"href":"https:\/\/czk-cakovec.hr\/saturn\/wp-json\/wp\/v2\/types\/page"}],"author":[{"embeddable":true,"href":"https:\/\/czk-cakovec.hr\/saturn\/wp-json\/wp\/v2\/users\/2"}],"replies":[{"embeddable":true,"href":"https:\/\/czk-cakovec.hr\/saturn\/wp-json\/wp\/v2\/comments?post=49186"}],"version-history":[{"count":3,"href":"https:\/\/czk-cakovec.hr\/saturn\/wp-json\/wp\/v2\/pages\/49186\/revisions"}],"predecessor-version":[{"id":49189,"href":"https:\/\/czk-cakovec.hr\/saturn\/wp-json\/wp\/v2\/pages\/49186\/revisions\/49189"}],"wp:attachment":[{"href":"https:\/\/czk-cakovec.hr\/saturn\/wp-json\/wp\/v2\/media?parent=49186"}],"curies":[{"name":"wp","href":"https:\/\/api.w.org\/{rel}","templated":true}]}}