{"id":49228,"date":"2025-12-23T13:16:37","date_gmt":"2025-12-23T12:16:37","guid":{"rendered":"https:\/\/czk-cakovec.hr\/?page_id=49228"},"modified":"2025-12-23T13:17:47","modified_gmt":"2025-12-23T12:17:47","slug":"tata-lav-i-njegova-sretna-djeca","status":"publish","type":"page","link":"https:\/\/czk-cakovec.hr\/saturn\/tata-lav-i-njegova-sretna-djeca\/","title":{"rendered":"Tata lav i njegova sretna djeca"},"content":{"rendered":"<div class=\"wpb-content-wrapper\">[vc_row equal_height=&#8221;yes&#8221; content_placement=&#8221;middle&#8221;][vc_column width=&#8221;1\/3&#8243;][vc_single_image image=&#8221;48481&#8243; img_size=&#8221;large&#8221; alignment=&#8221;center&#8221; css=&#8221;&#8221;][\/vc_column][vc_column width=&#8221;2\/3&#8243;][vc_custom_heading text=&#8221;Tata lav i njegova sretna djeca (2011.)&#8221; css=&#8221;&#8221;][vc_column_text css=&#8221;&#8221;]25. listopada 2011[\/vc_column_text][\/vc_column][\/vc_row][vc_row][vc_column][vc_column_text css=&#8221;&#8221;]\n<p style=\"font-weight: 400;\"><strong style=\"font-style: inherit; font-weight: 600;\">\u2013 u koprodukciji sa\u00a0<a style=\"font-style: inherit; font-weight: inherit;\" href=\"http:\/\/kazalistedubrava.hr\/\">DK Dubrava<\/a>, Zagreb<\/strong><\/p>\n<p style=\"font-weight: 400;\">Predstava je ostvarena u suradnji s\u00a0<a style=\"font-style: inherit; font-weight: inherit;\" href=\"http:\/\/www.hum-naklada.hr\/\">Hum nakladom d.o.o.<\/a><\/p>\n<p style=\"font-weight: 400;\"><strong style=\"font-style: inherit; font-weight: 600;\">TATA LAV I NJEGOVA SRETNA DJECA<br \/>\n<\/strong>(po motivima slikovnice Horsta Eckerta Janosha)<br \/>\n\u2013 lutkarsko-igrana predstava<\/p>\n<p style=\"font-weight: 400;\">Trajanje: 50 min<\/p>\n<p style=\"font-weight: 400;\">Uzrast: 3 \u2013 10 godina<\/p>\n<p style=\"font-weight: 400;\"><strong style=\"font-style: inherit; font-weight: 600;\">Re\u017eija:<\/strong>\u00a0Paolo Ti\u0161ljari\u0107<br \/>\n<strong style=\"font-style: inherit; font-weight: 600;\">Asistentica redatelja:<\/strong>\u00a0Tatjana Lisac<br \/>\n<strong style=\"font-style: inherit; font-weight: 600;\">Adaptacija teksta i dramaturgija:<\/strong>\u00a0Dino Pe\u0161ut i Tatjana Lisac<br \/>\n<strong style=\"font-style: inherit; font-weight: 600;\">Scenografija:<\/strong>\u00a0Leo Vukeli\u0107 i Tea Jankovi\u0107<br \/>\n<strong style=\"font-style: inherit; font-weight: 600;\">Lutke:<\/strong>\u00a0Tea Jankovi\u0107<br \/>\n<strong style=\"font-style: inherit; font-weight: 600;\">Kostimi:<span style=\"font-style: inherit; font-weight: inherit;\"><a style=\"font-style: inherit; font-weight: inherit;\" href=\"http:\/\/kazalistedubrava.hr\/ana-trisler\/\">\u00a0Ana Tri\u0161ler<\/a><\/span><\/strong><br \/>\n<strong style=\"font-style: inherit; font-weight: 600;\">Glazba i songovi:<span style=\"font-style: inherit; font-weight: inherit;\"><a style=\"font-style: inherit; font-weight: inherit;\" href=\"http:\/\/kdpinklec.com\/2009\/05\/02\/baksa-igor\/\">\u00a0Igor Baksa<\/a><\/span><\/strong><br \/>\n<strong style=\"font-style: inherit; font-weight: 600;\">Izrada scenografije:<\/strong>\u00a0Leo Vukeli\u0107,\u00a0<strong style=\"font-style: inherit; font-weight: 600;\"><span style=\"font-style: inherit; font-weight: inherit;\"><a style=\"font-style: inherit; font-weight: inherit;\" href=\"http:\/\/kazalistedubrava.hr\/tea-jankovic\/\">Tea Jankovi\u0107<\/a><\/span><\/strong>\u00a0i Domagoj Klasi\u0107<br \/>\n<strong style=\"font-style: inherit; font-weight: 600;\">Fotografije:<\/strong>\u00a0Mario Besprska<br \/>\n<strong style=\"font-style: inherit; font-weight: 600;\">Igraju:<\/strong><br \/>\n<span style=\"font-style: inherit; font-weight: inherit;\"><strong style=\"font-style: inherit; font-weight: 600;\"><a style=\"font-style: inherit; font-weight: inherit;\" href=\"http:\/\/kazalistedubrava.hr\/davor-dokleja\/\">Davor Dokleja<\/a><\/strong><\/span>\u00a0(Tata Lav)<br \/>\n<a style=\"font-style: inherit; font-weight: inherit;\" href=\"http:\/\/kazalistedubrava.hr\/marta-bolfan-ugljen\/\"><span style=\"font-style: inherit; font-weight: inherit;\"><strong style=\"font-style: inherit; font-weight: 600;\">Marta Bolfan Ugljen<\/strong><\/span><\/a>\u00a0(Mama Lavica, Trili, Marica, Pavle, Mira, Alfred, Liza, Pimpo, Zebra)<\/p>\n<p style=\"font-weight: 400;\">Nemam se \u010dega bojati, zar ne? Uostalom, djeca se ne bi trebala ni\u010dega bojati,\u00a0 a pogotovo ne svojih roditelja.\u00a0 Janoscheva slikovnica\u00a0<i><em style=\"font-weight: inherit;\">Tata Lav i njegova sretna djeca\u00a0<\/em><\/i>govori upravo o \u017eeljama, avanturama i ma\u0161tarijama koje tek u igri postaju stvarniji od stvarnosti.\u00a0 Dok je mama lavica na poslu i rje\u0161ava<i><em style=\"font-weight: inherit;\">veoma ozbiljne stvari u biznisu,\u00a0<\/em><\/i>Tata Lav ostaje doma sa svojih sedmero djece koje treba usre\u0107iti i omogu\u0107iti im ono \u0161to po\u017eele. Tata Lav u\u010di djecu, ali i roditelje kako se uz samo malo ma\u0161te, granice\u00a0 zbilje lako razbijaju, a mogu\u0107nosti\u00a0 igre postaju beskona\u010dne. Kona\u010dno, u velikom gradu sve prolazi br\u017ee pa tako i djetinjstvo, stoga je zada\u0107a svakoga roditelja omogu\u0107iti djeci\u00a0 igru, a time ih i\u00a0 usre\u0107iti.<\/p>\n<p style=\"font-weight: 400;\"><strong style=\"font-style: inherit; font-weight: 600;\"><span style=\"font-style: inherit; font-weight: inherit;\">FESTIVALI:<\/span><\/strong><\/p>\n<p style=\"font-weight: 400;\">No\u0107 kazali\u0161ta, Zagreb 2011.<br \/>\n\u0160pancifest, Vara\u017edin 2012.<\/p>\n<p style=\"font-weight: 400;\"><a style=\"font-style: inherit; font-weight: inherit;\" href=\"http:\/\/kdpinklec.com\/2011\/12\/03\/o-tati-lavu-i-njegovoj-sretnoj-djeci-na-kulisa-eu\/\"><strong style=\"font-style: inherit; font-weight: 600;\">PRO\u010cITAJTE KRITIKU<\/strong><\/a><\/p>\n[\/vc_column_text][\/vc_column][\/vc_row]\n<\/div>","protected":false},"excerpt":{"rendered":"<p>[vc_row equal_height=&#8221;yes&#8221; content_placement=&#8221;middle&#8221;][vc_column width=&#8221;1\/3&#8243;][vc_single_image image=&#8221;48481&#8243; img_size=&#8221;large&#8221; alignment=&#8221;center&#8221; css=&#8221;&#8221;][\/vc_column][vc_column width=&#8221;2\/3&#8243;][vc_custom_heading text=&#8221;Tata lav i njegova sretna djeca (2011.)&#8221; css=&#8221;&#8221;][vc_column_text css=&#8221;&#8221;]25. listopada 2011[\/vc_column_text][\/vc_column][\/vc_row][vc_row][vc_column][vc_column_text css=&#8221;&#8221;] \u2013 u koprodukciji sa\u00a0DK Dubrava, Zagreb Predstava je ostvarena u suradnji s\u00a0Hum nakladom d.o.o. TATA LAV I NJEGOVA SRETNA DJECA (po motivima slikovnice Horsta Eckerta Janosha) \u2013 lutkarsko-igrana predstava Trajanje: 50 min Uzrast: 3 \u2013 10 godina Re\u017eija:\u00a0Paolo Ti\u0161ljari\u0107 [&hellip;]<\/p>\n","protected":false},"author":2,"featured_media":0,"parent":0,"menu_order":0,"comment_status":"closed","ping_status":"closed","template":"","meta":{"inline_featured_image":false,"footnotes":""},"class_list":["post-49228","page","type-page","status-publish","hentry"],"ulaznica_data":null,"_links":{"self":[{"href":"https:\/\/czk-cakovec.hr\/saturn\/wp-json\/wp\/v2\/pages\/49228","targetHints":{"allow":["GET"]}}],"collection":[{"href":"https:\/\/czk-cakovec.hr\/saturn\/wp-json\/wp\/v2\/pages"}],"about":[{"href":"https:\/\/czk-cakovec.hr\/saturn\/wp-json\/wp\/v2\/types\/page"}],"author":[{"embeddable":true,"href":"https:\/\/czk-cakovec.hr\/saturn\/wp-json\/wp\/v2\/users\/2"}],"replies":[{"embeddable":true,"href":"https:\/\/czk-cakovec.hr\/saturn\/wp-json\/wp\/v2\/comments?post=49228"}],"version-history":[{"count":3,"href":"https:\/\/czk-cakovec.hr\/saturn\/wp-json\/wp\/v2\/pages\/49228\/revisions"}],"predecessor-version":[{"id":49231,"href":"https:\/\/czk-cakovec.hr\/saturn\/wp-json\/wp\/v2\/pages\/49228\/revisions\/49231"}],"wp:attachment":[{"href":"https:\/\/czk-cakovec.hr\/saturn\/wp-json\/wp\/v2\/media?parent=49228"}],"curies":[{"name":"wp","href":"https:\/\/api.w.org\/{rel}","templated":true}]}}