{"id":49243,"date":"2025-12-23T13:28:50","date_gmt":"2025-12-23T12:28:50","guid":{"rendered":"https:\/\/czk-cakovec.hr\/?page_id=49243"},"modified":"2025-12-23T13:30:10","modified_gmt":"2025-12-23T12:30:10","slug":"djecak-ivek-i-pas-cvilek","status":"publish","type":"page","link":"https:\/\/czk-cakovec.hr\/saturn\/djecak-ivek-i-pas-cvilek\/","title":{"rendered":"Dje\u010dak Ivek i pas Cvilek"},"content":{"rendered":"<div class=\"wpb-content-wrapper\">[vc_row equal_height=&#8221;yes&#8221; content_placement=&#8221;middle&#8221;][vc_column width=&#8221;1\/3&#8243;][vc_single_image image=&#8221;48486&#8243; img_size=&#8221;large&#8221; alignment=&#8221;center&#8221; css=&#8221;&#8221;][\/vc_column][vc_column width=&#8221;2\/3&#8243;][vc_custom_heading text=&#8221;Dje\u010dak Ivek i pas Cvilek (2009.)&#8221; css=&#8221;&#8221;][vc_column_text css=&#8221;&#8221;]15. studenoga 2009.[\/vc_column_text][\/vc_column][\/vc_row][vc_row][vc_column][vc_column_text css=&#8221;&#8221;]<strong>\u2013 prema motivima romana \u02ddDje\u010dak Ivek, pas Cvilek i Duda\u0161 Martin\u02dd, \u0110ure Vilovi\u0107a<\/strong><\/p>\n<p><strong>Re\u017eija:<\/strong>\u00a0<a href=\"http:\/\/hr.wikipedia.org\/wiki\/Anica_Tomi%C4%87\" target=\"_blank\" rel=\"noopener noreferrer\"><strong>Anica Tomi\u0107<\/strong><\/a><br \/>\n<strong>Dramatizacija:<\/strong>\u00a0<a href=\"http:\/\/www.mala-scena.hr\/home\/biografije\/j\/jelena-kovacic.aspx\" target=\"_blank\" rel=\"noopener noreferrer\"><strong>Jelena Kova\u010di\u0107<\/strong><\/a><br \/>\n<strong>Scenografija:<\/strong>\u00a0Tomi\u0107Kova\u010di\u0107<br \/>\n<strong>Kostimografija:<\/strong>\u00a0Tomi\u0107Kova\u010di\u0107 i ansambl predstave<br \/>\n<strong>Autor glazbe<\/strong>:\u00a0<a href=\"http:\/\/www.nenadkovacic.com\/bio\" target=\"_blank\" rel=\"noopener noreferrer\"><strong>Nenad Kova\u010di\u0107<\/strong><\/a><br \/>\n<strong>Igraju:<\/strong>\u00a0<a href=\"http:\/\/kazalistedubrava.hr\/marija-kolb\/\" target=\"_blank\" rel=\"noopener noreferrer\"><strong>Marija Kolb<\/strong><\/a>,\u00a0<a href=\"http:\/\/kdpinklec.com\/2009\/05\/02\/jaksic-mario\/\" target=\"_blank\" rel=\"noopener noreferrer\"><strong>Mario Jak\u0161i\u0107<\/strong><\/a>,\u00a0<a href=\"http:\/\/kdpinklec.com\/2009\/05\/02\/dokleja-jelena\/\" target=\"_blank\" rel=\"noopener noreferrer\"><strong>Jelena Dokleja<\/strong><\/a>,\u00a0<a href=\"http:\/\/kdpinklec.com\/2009\/05\/02\/baksa-igor\/\" target=\"_blank\" rel=\"noopener noreferrer\"><strong>Igor Baksa<\/strong><\/a>\u00a0i\u00a0<a href=\"http:\/\/kdpinklec.com\/2009\/05\/02\/kontrec-bruno\/\" target=\"_blank\" rel=\"noopener noreferrer\"><strong>Bruno Kontrec<\/strong><\/a><\/p>\n<div id=\"_mcePaste\"><strong>O predstavi:<\/strong>\u00a0Koriste\u0107i motive romana \u0110ure Vilovi\u0107a, predstava Dje\u010dak Ivek i pas Cvilek progovara o aktualnom i \u00a0\u010desto pre\u0161u\u0107ivanom problemu napu\u0161tene i ostavljene djece. Zaboravljena od roditeljske ljubavi, uto\u010di\u0161te pronalaze u me\u0111usobnom pri\u010danju pri\u010da koje \u0107e ih na trenutak odvojiti od tu\u017enih misli.<\/div>\n<div id=\"_mcePaste\">Smje\u0161tena u oskudan sobi\u010dak nekog dje\u010djeg doma njihova zaigranost i ma\u0161tovitost odvodi ih u svijet pri\u010de isto tako napu\u0161tenog dje\u010daka Iveka i najboljeg mu prijatelja, odba\u010denog psa Cvileka, s \u010dijim se dogodov\u0161tinama poistovje\u0107uju, ali kroz koje i sama poku\u0161avaju prona\u0107i izlaz i na\u010din kroz koji \u0107e bar na trenutak zaboraviti na sve \u00a0\u0161to ih ti\u0161ti. Njihov dje\u010dji optimizam i \u017eelja da sve bude bolje \u00a0uvjerava nas \u00a0da i onda kad smo napu\u0161teni i zaboravljeni svojim postojanjem \u00a0i dobrom voljom bar si nakratko me\u0111usobno \u00a0mo\u017eemo olak\u0161ati tu\u017ene dane.<\/div>\n<div><\/div>\n<div><strong><br \/>\nTrajanje:<\/strong>\u00a060 min<br \/>\n<strong>Dob:<\/strong>\u00a06 + (ni\u017ei i vi\u0161i razredi osnovne \u0161kole)<\/div>\n<div>\n<p><strong>NAGRADE:<\/strong><\/p>\n<p>Zagreb \u2013 Nagrada hrvatskog glumi\u0161ta 2010.<br \/>\nZa najbolju lutkarsku predstavu ili predstavu za djecu i mlade\u017e<br \/>\n\u010cakovec \u2013 13. Susret profesionalnih kazali\u0161ta za djecu i mlade Hrvatskog centra Assitej<br \/>\nNagrada za najbolju predstavu<br \/>\nNagrada za gluma\u010dko ostvarenje (Jelena Dokleja i Mario Jak\u0161i\u0107)<br \/>\nNagrada za najbolju re\u017eiju (Anica Tomi\u0107)<br \/>\nSplit \u2013 3. festival hrvatske drame za djecu Mali Maruli\u0107<br \/>\nNajbolja re\u017eija (Anica Tomi\u0107)<\/p>\n<p><strong><a href=\"http:\/\/kdpinklec.com\/2010\/07\/05\/ako-o-nama-2\/\" target=\"_blank\" rel=\"noopener noreferrer\">PRO\u010cITAJTE KRITIKU<\/a><\/strong><\/p>\n<\/div>\n[\/vc_column_text][\/vc_column][\/vc_row]\n<\/div>","protected":false},"excerpt":{"rendered":"<p>[vc_row equal_height=&#8221;yes&#8221; content_placement=&#8221;middle&#8221;][vc_column width=&#8221;1\/3&#8243;][vc_single_image image=&#8221;48486&#8243; img_size=&#8221;large&#8221; alignment=&#8221;center&#8221; css=&#8221;&#8221;][\/vc_column][vc_column width=&#8221;2\/3&#8243;][vc_custom_heading text=&#8221;Dje\u010dak Ivek i pas Cvilek (2009.)&#8221; css=&#8221;&#8221;][vc_column_text css=&#8221;&#8221;]15. studenoga 2009.[\/vc_column_text][\/vc_column][\/vc_row][vc_row][vc_column][vc_column_text css=&#8221;&#8221;]\u2013 prema motivima romana \u02ddDje\u010dak Ivek, pas Cvilek i Duda\u0161 Martin\u02dd, \u0110ure Vilovi\u0107a Re\u017eija:\u00a0Anica Tomi\u0107 Dramatizacija:\u00a0Jelena Kova\u010di\u0107 Scenografija:\u00a0Tomi\u0107Kova\u010di\u0107 Kostimografija:\u00a0Tomi\u0107Kova\u010di\u0107 i ansambl predstave Autor glazbe:\u00a0Nenad Kova\u010di\u0107 Igraju:\u00a0Marija Kolb,\u00a0Mario Jak\u0161i\u0107,\u00a0Jelena Dokleja,\u00a0Igor Baksa\u00a0i\u00a0Bruno Kontrec O predstavi:\u00a0Koriste\u0107i motive romana \u0110ure Vilovi\u0107a, predstava Dje\u010dak Ivek i [&hellip;]<\/p>\n","protected":false},"author":2,"featured_media":0,"parent":0,"menu_order":0,"comment_status":"closed","ping_status":"closed","template":"","meta":{"inline_featured_image":false,"footnotes":""},"class_list":["post-49243","page","type-page","status-publish","hentry"],"ulaznica_data":null,"_links":{"self":[{"href":"https:\/\/czk-cakovec.hr\/saturn\/wp-json\/wp\/v2\/pages\/49243","targetHints":{"allow":["GET"]}}],"collection":[{"href":"https:\/\/czk-cakovec.hr\/saturn\/wp-json\/wp\/v2\/pages"}],"about":[{"href":"https:\/\/czk-cakovec.hr\/saturn\/wp-json\/wp\/v2\/types\/page"}],"author":[{"embeddable":true,"href":"https:\/\/czk-cakovec.hr\/saturn\/wp-json\/wp\/v2\/users\/2"}],"replies":[{"embeddable":true,"href":"https:\/\/czk-cakovec.hr\/saturn\/wp-json\/wp\/v2\/comments?post=49243"}],"version-history":[{"count":3,"href":"https:\/\/czk-cakovec.hr\/saturn\/wp-json\/wp\/v2\/pages\/49243\/revisions"}],"predecessor-version":[{"id":49246,"href":"https:\/\/czk-cakovec.hr\/saturn\/wp-json\/wp\/v2\/pages\/49243\/revisions\/49246"}],"wp:attachment":[{"href":"https:\/\/czk-cakovec.hr\/saturn\/wp-json\/wp\/v2\/media?parent=49243"}],"curies":[{"name":"wp","href":"https:\/\/api.w.org\/{rel}","templated":true}]}}